{"id":11757,"date":"2025-04-09T10:43:36","date_gmt":"2025-04-09T10:43:36","guid":{"rendered":"https:\/\/viaro.org\/?page_id=11757"},"modified":"2025-04-10T07:37:52","modified_gmt":"2025-04-10T07:37:52","slug":"country-mini-camp","status":"publish","type":"page","link":"https:\/\/viaro.org\/ca\/activitats-destiu\/country-mini-camp\/","title":{"rendered":"Country Mini Camp"},"content":{"rendered":"\n<div class=\"wp-block-columns is-layout-flex wp-container-core-columns-is-layout-9d6595d7 wp-block-columns-is-layout-flex\">\n<div class=\"wp-block-column is-layout-flow wp-block-column-is-layout-flow\"><\/div>\n\n\n\n<div class=\"wp-block-column is-layout-flow wp-block-column-is-layout-flow\" style=\"flex-basis:40%\">\n<figure class=\"wp-block-image size-large\"><a href=\"https:\/\/viaro.org\/actividades-de-verano\/\"><img decoding=\"async\" width=\"1024\" height=\"448\" src=\"https:\/\/viaro.org\/wp-content\/uploads\/2023\/03\/country-mini-camp-1024x448.png\" alt=\"Country mini camp\" class=\"wp-image-16670\" srcset=\"https:\/\/viaro.org\/wp-content\/uploads\/2023\/03\/country-mini-camp-1024x448.png 1024w, https:\/\/viaro.org\/wp-content\/uploads\/2023\/03\/country-mini-camp-300x131.png 300w, https:\/\/viaro.org\/wp-content\/uploads\/2023\/03\/country-mini-camp-768x336.png 768w, https:\/\/viaro.org\/wp-content\/uploads\/2023\/03\/country-mini-camp-1536x672.png 1536w, https:\/\/viaro.org\/wp-content\/uploads\/2023\/03\/country-mini-camp.png 1741w\" sizes=\"(max-width: 1024px) 100vw, 1024px\" \/><\/a><\/figure>\n<\/div>\n\n\n\n<div class=\"wp-block-column is-layout-flow wp-block-column-is-layout-flow\"><\/div>\n<\/div>\n\n<div style=\"height:30px\" aria-hidden=\"true\" class=\"wp-block-spacer\"><\/div>\n\n<hr class=\"wp-block-separator has-text-color has-alpha-channel-opacity has-background is-style-wide\" style=\"background-color:#8cc63f;color:#8cc63f\"\/>\n\n<div class=\"wp-block-columns is-layout-flex wp-container-core-columns-is-layout-9d6595d7 wp-block-columns-is-layout-flex\">\n<div class=\"wp-block-column is-layout-flow wp-block-column-is-layout-flow\"><div class=\"epyt-video-wrapper\"><div  style=\"display: block; margin: 0px auto;\"  id=\"_ytid_14408\"  width=\"800\" height=\"450\"  data-origwidth=\"800\" data-origheight=\"450\" data-facadesrc=\"https:\/\/www.youtube.com\/embed\/N3BFpzQRBbQ?enablejsapi=1&#038;autoplay=0&#038;cc_load_policy=0&#038;cc_lang_pref=&#038;iv_load_policy=3&#038;loop=0&#038;rel=0&#038;fs=1&#038;playsinline=0&#038;autohide=2&#038;theme=dark&#038;color=white&#038;controls=1&#038;disablekb=0&#038;\" class=\"__youtube_prefs__ epyt-facade no-lazyload\" data-epautoplay=\"1\" ><img decoding=\"async\" data-spai-excluded=\"true\" class=\"epyt-facade-poster skip-lazy\" loading=\"lazy\"  alt=\"YouTube player\"  src=\"https:\/\/i.ytimg.com\/vi\/N3BFpzQRBbQ\/maxresdefault.jpg\"  \/><button class=\"epyt-facade-play\" aria-label=\"Play\"><svg data-no-lazy=\"1\" height=\"100%\" version=\"1.1\" viewBox=\"0 0 68 48\" width=\"100%\"><path class=\"ytp-large-play-button-bg\" d=\"M66.52,7.74c-0.78-2.93-2.49-5.41-5.42-6.19C55.79,.13,34,0,34,0S12.21,.13,6.9,1.55 C3.97,2.33,2.27,4.81,1.48,7.74C0.06,13.05,0,24,0,24s0.06,10.95,1.48,16.26c0.78,2.93,2.49,5.41,5.42,6.19 C12.21,47.87,34,48,34,48s21.79-0.13,27.1-1.55c2.93-0.78,4.64-3.26,5.42-6.19C67.94,34.95,68,24,68,24S67.94,13.05,66.52,7.74z\" fill=\"#f00\"><\/path><path d=\"M 45,24 27,14 27,34\" fill=\"#fff\"><\/path><\/svg><\/button><\/div><\/div><\/div>\n\n\n\n<div class=\"wp-block-column is-layout-flow wp-block-column-is-layout-flow\">\n<h3 class=\"wp-block-heading has-text-color\" style=\"color:#8cc63f\"><strong>Country Mini Camp<\/strong><\/h3>\n\n\n\n<p>Per als m\u00e9s petits d&#8217;I0 i I1 tenim una proposta plena d&#8217;experi\u00e8ncies refrescants i enriquidores.<\/p>\n\n\n\n<p><strong>Mantindrem els h\u00e0bits i rutines que tant ens han ajudat a cr\u00e9ixer i a ser m\u00e9s aut\u00f2noms.<\/strong><\/p>\n<\/div>\n<\/div>\n\n<hr class=\"wp-block-separator has-text-color has-alpha-channel-opacity has-background is-style-wide\" style=\"background-color:#8cc63f;color:#8cc63f\"\/>\n\n<div style=\"height:30px\" aria-hidden=\"true\" class=\"wp-block-spacer\"><\/div>\n\n<p class=\"has-text-align-center has-white-color has-text-color has-background\" style=\"background-color:#8cc63f\"><strong>El Country Mini Camp d&#8217;I0 i I1 s&#8217;ofereix exclusivament per alumnes actuals del col\u00b7legi.<\/strong><\/p>\n\n<div style=\"height:30px\" aria-hidden=\"true\" class=\"wp-block-spacer\"><\/div>\n\n<div class=\"wp-block-columns is-layout-flex wp-container-core-columns-is-layout-9d6595d7 wp-block-columns-is-layout-flex\">\n<div class=\"wp-block-column is-layout-flow wp-block-column-is-layout-flow\">\n<h3 class=\"wp-block-heading has-text-color\" style=\"color:#8cc63f\"><strong>Horari<\/strong><\/h3>\n\n\n\n<p>Farem el mateix horari que durant el curs:<\/p>\n\n\n\n<p><strong>de 9.15h a 16:30h<\/strong>.<\/p>\n\n\n\n<p class=\"has-text-color\" style=\"color:#8cc63f\"><em><strong>Servei de perman\u00e8ncies (a part) de 8:00h a 8:45h <\/strong><\/em><\/p>\n\n\n\n<p class=\"has-text-color\" style=\"color:#8cc63f\"><em><strong>Servei de perman\u00e8ncies gratu\u00eft de 8:45h a 9:15h i de 16:30 a 17:00<\/strong><\/em><\/p>\n\n\n\n<p class=\"has-text-color\" style=\"color:#8cc63f\"><em><strong>No hi haur\u00e0 servei de perman\u00e8ncies ampliat <\/strong><\/em><strong>a partir de les 17:00<\/strong><\/p>\n<\/div>\n\n\n\n<div class=\"wp-block-column is-layout-flow wp-block-column-is-layout-flow\" style=\"flex-basis:5%\"><\/div>\n\n\n\n<div class=\"wp-block-column is-layout-flow wp-block-column-is-layout-flow\">\n<h3 class=\"wp-block-heading has-text-color\" style=\"color:#8cc63f\"><strong>Lloc<\/strong><\/h3>\n\n\n\n<p>Les nostres activitats es desenvolupen a<\/p>\n\n\n\n<p><strong>Viar\u00f3 Infantil<\/strong><\/p>\n\n\n\n<p>Estar en el col\u00b7legi ens ajuda a conscienciar-nos que cal ser sostenibles, cuidar el nostre entorn i cuidar-nos entre nosaltres.<br\/><\/p>\n<\/div>\n<\/div>\n\n<div style=\"height:30px\" aria-hidden=\"true\" class=\"wp-block-spacer\"><\/div>\n\n<h3 class=\"wp-block-heading has-text-color\" style=\"color:#8cc63f\"><strong>Acc\u00e9s al col\u00b7legi<\/strong><\/h3>\n\n<p>Podeu estacionar a l&#8217;<strong>aparcament<\/strong>\u00a0del <strong><a href=\"https:\/\/www.google.com\/maps\/place\/Viar%C3%B3+Global+School\/@41.4856954,2.0778966,15z\/data=!4m2!3m1!1s0x0:0xcedcfd7972da40e6?sa=X&amp;ved=2ahUKEwiCsd-HgZH4AhWJiv0HHUwpCZwQ_BJ6BQinARAF\" target=\"_blank\" rel=\"noopener\">col\u00b7legi<\/a><\/strong> (Av. Roquetes) i acompanyar als vostres fills fins a l&#8217;aula.<\/p>\n\n<p>Preguem que respecteu les indicacions per a circular per l&#8217;aparcament, especialment el l\u00edmit de velocitat establert, aix\u00ed com les places reservades per a fam\u00edlies amb fills menors de 2 anys i mares embarassades.<\/p>\n\n<h3 class=\"wp-block-heading has-text-color\" style=\"color:#8cc63f\"><strong>Uniforme<\/strong><\/h3>\n\n<p>han de portar roba c\u00f2moda i fresca<\/p>\n\n<div style=\"height:30px\" aria-hidden=\"true\" class=\"wp-block-spacer\"><\/div>\n\n<div class=\"wp-block-columns is-layout-flex wp-container-core-columns-is-layout-9d6595d7 wp-block-columns-is-layout-flex\">\n<div class=\"wp-block-column is-layout-flow wp-block-column-is-layout-flow\">\n<h3 class=\"wp-block-heading has-text-color\" style=\"color:#8cc63f\"><strong>Jocs d&#8217;aigua<\/strong><\/h3>\n\n\n\n<figure class=\"wp-block-image size-full\"><img decoding=\"async\" width=\"400\" height=\"180\" src=\"https:\/\/viaro.org\/wp-content\/uploads\/2022\/05\/Country-juegos-agua.jpg\" alt=\"country mini camp\" class=\"wp-image-11760\" srcset=\"https:\/\/viaro.org\/wp-content\/uploads\/2022\/05\/Country-juegos-agua.jpg 400w, https:\/\/viaro.org\/wp-content\/uploads\/2022\/05\/Country-juegos-agua-300x135.jpg 300w\" sizes=\"(max-width: 400px) 100vw, 400px\" \/><\/figure>\n\n\n\n<p>No oblidem el <strong>vestit de bany, la tovallola i les xancletes<\/strong>, cada dia del Country Camp farem jocs d&#8217;aigua per combatre la calor.<\/p>\n<\/div>\n\n\n\n<div class=\"wp-block-column is-layout-flow wp-block-column-is-layout-flow\" style=\"flex-basis:5%\"><\/div>\n\n\n\n<div class=\"wp-block-column is-layout-flow wp-block-column-is-layout-flow\">\n<h3 class=\"wp-block-heading has-text-color\" style=\"color:#8cc63f\"><strong>Tallers i activitats<\/strong><\/h3>\n\n\n\n<figure class=\"wp-block-image size-full\"><img decoding=\"async\" width=\"400\" height=\"180\" src=\"https:\/\/viaro.org\/wp-content\/uploads\/2022\/05\/country-taller-pequenos.jpg\" alt=\"country mini camp\" class=\"wp-image-11763\" srcset=\"https:\/\/viaro.org\/wp-content\/uploads\/2022\/05\/country-taller-pequenos.jpg 400w, https:\/\/viaro.org\/wp-content\/uploads\/2022\/05\/country-taller-pequenos-300x135.jpg 300w\" sizes=\"(max-width: 400px) 100vw, 400px\" \/><\/figure>\n\n\n\n<p>Estimulaci\u00f3 Sensorial, Estimulaci\u00f3 Musical, Psicomotricitat, Contacontes&#8230;<\/p>\n<\/div>\n<\/div>\n\n<div style=\"height:30px\" aria-hidden=\"true\" class=\"wp-block-spacer\"><\/div>\n\n<h3 class=\"wp-block-heading has-text-color\" style=\"color:#8cc63f\">Preus i inscripci\u00f3 al Country Mini Camp<\/h3>\n\n<p><strong>El preu mensual \u00e9s de 430 \u20ac<\/strong>. Tamb\u00e9 \u00e9s possible inscriure&#8217;s per setmanes (107,5 \u20ac\/setmana). Indiqueu en el formulari si teniu previst demanar el servei de perman\u00e8ncies de 8:00 a 8:45 (7,5 \u20ac\/setmana).<\/p>\n\n<div style=\"height:30px\" aria-hidden=\"true\" class=\"wp-block-spacer\"><\/div>\n\n<div class=\"wp-block-buttons is-layout-flex wp-block-buttons-is-layout-flex\">\n<div class=\"wp-block-button\"><a class=\"wp-block-button__link has-white-color has-text-color has-background wp-element-button\" href=\"https:\/\/comunicacioviaro.typeform.com\/to\/KZFlXwzL\" style=\"background-color:#8cc63f\" target=\"_blank\" rel=\"noopener\"><strong>Inscripci\u00f3<\/strong><\/a><\/div>\n<\/div>\n\n<p><\/p>\n","protected":false},"excerpt":{"rendered":"<p>Country Mini Camp Per als m\u00e9s petits d&#8217;I0 i I1 tenim una proposta plena d&#8217;experi\u00e8ncies refrescants i enriquidores. Mantindrem els h\u00e0bits i rutines que tant ens han ajudat a cr\u00e9ixer i a ser m\u00e9s aut\u00f2noms. El Country Mini Camp d&#8217;I0 i I1 s&#8217;ofereix exclusivament per alumnes actuals del col\u00b7legi. Horari Farem el mateix horari que [&hellip;]<\/p>\n","protected":false},"author":12,"featured_media":16676,"parent":11003,"menu_order":1,"comment_status":"closed","ping_status":"closed","template":"template-blocks.php","meta":{"_uag_custom_page_level_css":"","_joinchat":[],"footnotes":""},"class_list":["post-11757","page","type-page","status-publish","has-post-thumbnail","hentry"],"uagb_featured_image_src":{"full":["https:\/\/viaro.org\/wp-content\/uploads\/2023\/03\/Country-mini-camp-scaled.jpeg",2560,668,false],"thumbnail":["https:\/\/viaro.org\/wp-content\/uploads\/2023\/03\/Country-mini-camp-150x150.jpeg",150,150,true],"medium":["https:\/\/viaro.org\/wp-content\/uploads\/2023\/03\/Country-mini-camp-300x78.jpeg",300,78,true],"medium_large":["https:\/\/viaro.org\/wp-content\/uploads\/2023\/03\/Country-mini-camp-768x201.jpeg",640,168,true],"large":["https:\/\/viaro.org\/wp-content\/uploads\/2023\/03\/Country-mini-camp-1024x267.jpeg",640,167,true],"1536x1536":["https:\/\/viaro.org\/wp-content\/uploads\/2023\/03\/Country-mini-camp-1536x401.jpeg",1536,401,true],"2048x2048":["https:\/\/viaro.org\/wp-content\/uploads\/2023\/03\/Country-mini-camp-2048x535.jpeg",2048,535,true],"related-content":["https:\/\/viaro.org\/wp-content\/uploads\/2023\/03\/Country-mini-camp-297x167.jpeg",297,167,true]},"uagb_author_info":{"display_name":"Ignacio Malmierca","author_link":"https:\/\/viaro.org\/ca\/author\/imalmierca\/"},"uagb_comment_info":0,"uagb_excerpt":"Country Mini Camp Per als m\u00e9s petits d&#8217;I0 i I1 tenim una proposta plena d&#8217;experi\u00e8ncies refrescants i enriquidores. Mantindrem els h\u00e0bits i rutines que tant ens han ajudat a cr\u00e9ixer i a ser m\u00e9s aut\u00f2noms. El Country Mini Camp d&#8217;I0 i I1 s&#8217;ofereix exclusivament per alumnes actuals del col\u00b7legi. Horari Farem el mateix horari que&hellip;","_links":{"self":[{"href":"https:\/\/viaro.org\/ca\/wp-json\/wp\/v2\/pages\/11757","targetHints":{"allow":["GET"]}}],"collection":[{"href":"https:\/\/viaro.org\/ca\/wp-json\/wp\/v2\/pages"}],"about":[{"href":"https:\/\/viaro.org\/ca\/wp-json\/wp\/v2\/types\/page"}],"author":[{"embeddable":true,"href":"https:\/\/viaro.org\/ca\/wp-json\/wp\/v2\/users\/12"}],"replies":[{"embeddable":true,"href":"https:\/\/viaro.org\/ca\/wp-json\/wp\/v2\/comments?post=11757"}],"version-history":[{"count":21,"href":"https:\/\/viaro.org\/ca\/wp-json\/wp\/v2\/pages\/11757\/revisions"}],"predecessor-version":[{"id":24257,"href":"https:\/\/viaro.org\/ca\/wp-json\/wp\/v2\/pages\/11757\/revisions\/24257"}],"up":[{"embeddable":true,"href":"https:\/\/viaro.org\/ca\/wp-json\/wp\/v2\/pages\/11003"}],"wp:featuredmedia":[{"embeddable":true,"href":"https:\/\/viaro.org\/ca\/wp-json\/wp\/v2\/media\/16676"}],"wp:attachment":[{"href":"https:\/\/viaro.org\/ca\/wp-json\/wp\/v2\/media?parent=11757"}],"curies":[{"name":"wp","href":"https:\/\/api.w.org\/{rel}","templated":true}]}}