{"id":14352,"date":"2022-10-03T09:41:12","date_gmt":"2022-10-03T09:41:12","guid":{"rendered":"https:\/\/viaro.org\/educacio-infantil\/"},"modified":"2023-07-30T10:30:44","modified_gmt":"2023-07-30T10:30:44","slug":"educacio-infantil","status":"publish","type":"page","link":"https:\/\/viaro.org\/ca\/educacio-infantil\/","title":{"rendered":"Educaci\u00f3 Infantil"},"content":{"rendered":"\n<div class=\"wp-block-columns is-layout-flex wp-container-core-columns-is-layout-9d6595d7 wp-block-columns-is-layout-flex\">\n<div class=\"wp-block-column is-layout-flow wp-block-column-is-layout-flow\"><\/div>\n\n\n\n<div class=\"wp-block-column is-layout-flow wp-block-column-is-layout-flow\" style=\"flex-basis:70%\">\n<div class=\"wp-block-columns is-layout-flex wp-container-core-columns-is-layout-9d6595d7 wp-block-columns-is-layout-flex\">\n<div class=\"wp-block-column is-layout-flow wp-block-column-is-layout-flow\">\n<div class=\"wp-block-buttons is-horizontal is-content-justification-center is-layout-flex wp-container-core-buttons-is-layout-499968f5 wp-block-buttons-is-layout-flex\">\n<div class=\"wp-block-button has-custom-width wp-block-button__width-75 has-custom-font-size has-small-font-size\"><a class=\"wp-block-button__link has-white-color has-text-color has-background wp-element-button\" href=\"#enlaces\" style=\"background-color:#b2153f\"><strong>Men\u00fa Infantil<\/strong><\/a><\/div>\n<\/div>\n<\/div>\n\n\n\n<div class=\"wp-block-column is-layout-flow wp-block-column-is-layout-flow\">\n<div class=\"wp-block-buttons is-horizontal is-content-justification-center is-layout-flex wp-container-core-buttons-is-layout-499968f5 wp-block-buttons-is-layout-flex\">\n<div class=\"wp-block-button has-custom-width wp-block-button__width-75 has-custom-font-size has-small-font-size\"><a class=\"wp-block-button__link has-white-color has-text-color has-background wp-element-button\" href=\"#proyectos\" style=\"background-color:#b2153f\"><strong>1r Cicle<\/strong><\/a><\/div>\n<\/div>\n<\/div>\n\n\n\n<div class=\"wp-block-column is-layout-flow wp-block-column-is-layout-flow\">\n<div class=\"wp-block-buttons is-horizontal is-content-justification-center is-layout-flex wp-container-core-buttons-is-layout-499968f5 wp-block-buttons-is-layout-flex\">\n<div class=\"wp-block-button has-custom-width wp-block-button__width-75 has-custom-font-size has-small-font-size\"><a class=\"wp-block-button__link has-white-color has-text-color has-background wp-element-button\" href=\"#proyectos\" style=\"background-color:#b2153f\"><strong>2n Cicle<\/strong><\/a><\/div>\n<\/div>\n<\/div>\n\n\n\n<div class=\"wp-block-column is-layout-flow wp-block-column-is-layout-flow\">\n<div class=\"wp-block-buttons is-horizontal is-content-justification-center is-layout-flex wp-container-core-buttons-is-layout-499968f5 wp-block-buttons-is-layout-flex\">\n<div class=\"wp-block-button has-custom-width wp-block-button__width-75 has-custom-font-size has-small-font-size\"><a class=\"wp-block-button__link has-white-color has-text-color has-background wp-element-button\" href=\"#enlaces\" style=\"background-color:#b2153f\"><strong>Extraescolar<\/strong><\/a><\/div>\n<\/div>\n<\/div>\n\n\n\n<div class=\"wp-block-column is-layout-flow wp-block-column-is-layout-flow\">\n<div class=\"wp-block-buttons is-horizontal is-content-justification-center is-layout-flex wp-container-core-buttons-is-layout-499968f5 wp-block-buttons-is-layout-flex\">\n<div class=\"wp-block-button has-custom-width wp-block-button__width-75 has-custom-font-size has-small-font-size\"><a class=\"wp-block-button__link has-white-color has-text-color has-background wp-element-button\" href=\"https:\/\/viaro.org\/unafinestraoberta\/\" style=\"background-color:#b2153f\" target=\"_blank\" rel=\"noreferrer noopener\"><strong>Blog Infantil<\/strong><\/a><\/div>\n<\/div>\n<\/div>\n<\/div>\n<\/div>\n\n\n\n<div class=\"wp-block-column is-layout-flow wp-block-column-is-layout-flow\"><\/div>\n<\/div>\n\n<h4 class=\"has-text-align-center wp-block-heading\">INFANTIL VIAR\u00d3 GLOBAL SCHOOL<\/h4>\n<div class=\"wp-block-image is-style-rounded\">\n<figure class=\"aligncenter size-large is-resized\" id=\"RETOS\"><img decoding=\"async\" src=\"https:\/\/viaro.org\/wp-content\/uploads\/2022\/10\/educacion-infatil-pequena-familia-1024x508.jpg\" alt=\"educacion infantil pequena familia\" class=\"wp-image-14366\" width=\"512\" height=\"254\" srcset=\"https:\/\/viaro.org\/wp-content\/uploads\/2022\/10\/educacion-infatil-pequena-familia-1024x508.jpg 1024w, https:\/\/viaro.org\/wp-content\/uploads\/2022\/10\/educacion-infatil-pequena-familia-300x149.jpg 300w, https:\/\/viaro.org\/wp-content\/uploads\/2022\/10\/educacion-infatil-pequena-familia-768x381.jpg 768w, https:\/\/viaro.org\/wp-content\/uploads\/2022\/10\/educacion-infatil-pequena-familia.jpg 1252w\" sizes=\"(max-width: 512px) 100vw, 512px\" \/><\/figure><\/div>\n<div class=\"wp-block-columns is-layout-flex wp-container-core-columns-is-layout-9d6595d7 wp-block-columns-is-layout-flex\">\n<div class=\"wp-block-column is-layout-flow wp-block-column-is-layout-flow\"><\/div>\n\n\n\n<div class=\"wp-block-column is-layout-flow wp-block-column-is-layout-flow\" style=\"flex-basis:50%\">\n<p class=\"has-text-align-center\"><div class=\"traductor-textarea form-group\">&#13;\n<div class=\"textarea-desti col-xs-12 col-sm-6\">&#13;\n<div class=\"form-control second-textarea\"><strong>Que comparteix la il\u00b7lusi\u00f3 d&#8217;ajudar als pares en l&#8217;educaci\u00f3 de cadascun dels seus fills per a aconseguir aquests quatre reptes<\/strong><\/div>&#13;\n<\/div>&#13;\n<\/div><\/p>\n<\/div>\n\n\n\n<div class=\"wp-block-column is-layout-flow wp-block-column-is-layout-flow\"><\/div>\n<\/div>\n\n<div style=\"height:10px\" aria-hidden=\"true\" class=\"wp-block-spacer\"><\/div>\n\n<div class=\"wp-block-columns is-layout-flex wp-container-core-columns-is-layout-9d6595d7 wp-block-columns-is-layout-flex\">\n<div class=\"wp-block-column is-layout-flow wp-block-column-is-layout-flow\"><\/div>\n\n\n\n<div class=\"wp-block-column is-layout-flow wp-block-column-is-layout-flow\" style=\"flex-basis:70%\">\n<div class=\"wp-block-columns is-layout-flex wp-container-core-columns-is-layout-9d6595d7 wp-block-columns-is-layout-flex\">\n<div class=\"wp-block-column is-layout-flow wp-block-column-is-layout-flow\">\n<div class=\"wp-block-columns is-layout-flex wp-container-core-columns-is-layout-9d6595d7 wp-block-columns-is-layout-flex\">\n<div class=\"wp-block-column is-layout-flow wp-block-column-is-layout-flow\">\n<h3 class=\"has-text-color wp-block-heading\" style=\"color:#b2153f\">#1 Nens feli\u00e7os en un m\u00f3n millor<\/h3>\n\n\n\n<iframe width=\"560\" height=\"315\" src=\"https:\/\/www.youtube.com\/embed\/qic3w16U3zg\" title=\"YouTube video player\" frameborder=\"0\" allow=\"accelerometer; autoplay; clipboard-write; encrypted-media; gyroscope; picture-in-picture\" allowfullscreen=\"\"><\/iframe>\r\n\n\n\n<p>Treballem un curr\u00edculum ric en oportunitats que permet personalitzar l&#8217;educaci\u00f3 infantil en cada nen i cada nena, perqu\u00e8 lliurement desitgin contribuir a la construcci\u00f3 d&#8217;un dem\u00e0 millor per a tots. Fomentar la seva autonomia els aporta seguretat i confian\u00e7a en si mateixos i aferma a la seva autoestima. Se senten capa\u00e7os!&#13;\n<\/p>\n\n\n\n<h3 class=\"has-text-align-left has-text-color wp-block-heading\" style=\"color:#b2153f\">#2 Nens oberts en un m\u00f3n global<\/h3>\n\n\n\n<iframe width=\"560\" height=\"315\" src=\"https:\/\/www.youtube.com\/embed\/tVNKpBnJ_6s\" title=\"YouTube video player\" frameborder=\"0\" allow=\"accelerometer; autoplay; clipboard-write; encrypted-media; gyroscope; picture-in-picture\" allowfullscreen=\"\"><\/iframe>\r\n\n\n\n<p class=\"has-text-align-left\">Eduquem en el di\u00e0leg i l&#8217;escolta, que s\u00f3n essencials per aprendre dels altres. Els ensenyem a dialogar amb un entorn multicultural que reconeix i valora la diversitat. A m\u00e9s El triling\u00fcisme potencia la seva flexibilitat i riquesa neuronal.&#13;\n<\/p>\n<\/div>\n\n\n\n<div class=\"wp-block-column is-layout-flow wp-block-column-is-layout-flow\" style=\"flex-basis:20%\"><\/div>\n\n\n\n<div class=\"wp-block-column is-layout-flow wp-block-column-is-layout-flow\">\n<h3 class=\"has-text-color wp-block-heading\" style=\"color:#b2153f\">Veniu a con\u00e8ixer el nostre projecte<\/h3>\n\n\n\n<p>Deixa&#8217;ns les teves dades en el formulari i ens posarem en contacte per a organitzar una visita.<\/p>\n\n\n\n<script type=\"text\/javascript\" src=\"\/\/m.viaro.org\/form\/generate.js?id=33\"><\/script><\/div>\n<\/div>\n<\/div>\n<\/div>\n\n\n\n<div class=\"wp-block-columns is-layout-flex wp-container-core-columns-is-layout-9d6595d7 wp-block-columns-is-layout-flex\">\n<div class=\"wp-block-column is-layout-flow wp-block-column-is-layout-flow\">\n<div class=\"wp-block-columns is-layout-flex wp-container-core-columns-is-layout-9d6595d7 wp-block-columns-is-layout-flex\">\n<div class=\"wp-block-column is-layout-flow wp-block-column-is-layout-flow\">\n<h3 class=\"has-text-color wp-block-heading\" style=\"color:#b2153f\">#3 Nens valents en un m\u00f3n canviant<\/h3>\n\n\n\n<iframe width=\"560\" height=\"315\" src=\"https:\/\/www.youtube.com\/embed\/EBGJ83qeUbo\" title=\"YouTube video player\" frameborder=\"0\" allow=\"accelerometer; autoplay; clipboard-write; encrypted-media; gyroscope; picture-in-picture\" allowfullscreen=\"\"><\/iframe>\r\n\n\n\n<p>Veure l&#8217;error com una oportunitat, afavorir el raonament l\u00f2gic, i cr\u00edtic, aix\u00ed com un clima de confian\u00e7a i superaci\u00f3. Aprendre a aprendre contagiant una actitud positiva, realista i valent davant la vida! Proporcionem una base ferma en lectoescriptura i llenguatge matem\u00e0tic, que els impulsa a afrontar els reptes de la vida amb coratge i creativitat.&#13;\n<\/p>\n<\/div>\n\n\n\n<div class=\"wp-block-column is-layout-flow wp-block-column-is-layout-flow\" style=\"flex-basis:20%\"><\/div>\n\n\n\n<div class=\"wp-block-column is-layout-flow wp-block-column-is-layout-flow\">\n<h3 class=\"has-text-align-left has-text-color wp-block-heading\" style=\"color:#b2153f\">#4 Nens responsables en un m\u00f3n sostenible<\/h3>\n\n\n\n<figure class=\"wp-block-image size-large\"><img decoding=\"async\" width=\"1446\" height=\"815\" src=\"https:\/\/viaro.org\/wp-content\/uploads\/2022\/10\/educacion-infantil-responsables-edited.jpg\" alt=\"educacion-infantil-responsables\" class=\"wp-image-14380\" srcset=\"https:\/\/viaro.org\/wp-content\/uploads\/2022\/10\/educacion-infantil-responsables-edited.jpg 1446w, https:\/\/viaro.org\/wp-content\/uploads\/2022\/10\/educacion-infantil-responsables-edited-300x169.jpg 300w, https:\/\/viaro.org\/wp-content\/uploads\/2022\/10\/educacion-infantil-responsables-edited-1024x577.jpg 1024w, https:\/\/viaro.org\/wp-content\/uploads\/2022\/10\/educacion-infantil-responsables-edited-768x433.jpg 768w, https:\/\/viaro.org\/wp-content\/uploads\/2022\/10\/educacion-infantil-responsables-edited-297x167.jpg 297w\" sizes=\"(max-width: 1446px) 100vw, 1446px\" \/><\/figure>\n\n\n<p class=\"has-text-align-left\">Cr\u00e9ixer en un entorn envoltat de natura potencia el seu sentit de responsabilitat amb la cura del medi ambient i dels altres. Oferim situacions d&#8217;aprenentatge que els ajuden a connectar els coneixements amb la seva pr\u00f2pia vida i interessos. Fomentem el treball en equip i l&#8217;esperit de servei, per a aconseguir metes m\u00e9s altes d&#8217;aprenentatge.&#13;\n<\/p>\n<\/div>\n<\/div>\n<\/div>\n<\/div>\n<\/div>\n\n\n\n<div class=\"wp-block-column is-layout-flow wp-block-column-is-layout-flow\"><\/div>\n<\/div>\n\n<div class=\"wp-block-columns is-layout-flex wp-container-core-columns-is-layout-9d6595d7 wp-block-columns-is-layout-flex\" id=\"COMO\">\n<div class=\"wp-block-column is-layout-flow wp-block-column-is-layout-flow\"><\/div>\n\n\n\n<div class=\"wp-block-column is-layout-flow wp-block-column-is-layout-flow\" style=\"flex-basis:70%\">\n<h4 class=\"has-text-align-center has-text-color wp-block-heading\" style=\"color:#b2153f\"><div class=\"traductor-textarea form-group\">&#13;\n<div class=\"textarea-desti col-xs-12 col-sm-6\">&#13;\n<div class=\"form-control second-textarea\"><strong>Una mirada que aprecia la singularitat de cada nen i de cada nena per a establir un di\u00e0leg afectiu que fomenti la seguretat i la confian\u00e7a que impulsaran el seu desenvolupament<\/strong><\/div>&#13;\n<\/div>&#13;\n<\/div><\/h4>\n<\/div>\n\n\n\n<div class=\"wp-block-column is-layout-flow wp-block-column-is-layout-flow\"><\/div>\n<\/div>\n\n<div class=\"wp-block-columns is-layout-flex wp-container-core-columns-is-layout-9d6595d7 wp-block-columns-is-layout-flex\">\n<div class=\"wp-block-column is-layout-flow wp-block-column-is-layout-flow\"><\/div>\n\n\n\n<div class=\"wp-block-column is-layout-flow wp-block-column-is-layout-flow\" style=\"flex-basis:80%\">\n<h2 class=\"wp-block-heading\">Com ho aconseguim?<\/h2>\n\n\n\n<p><div class=\"traductor-textarea form-group\">&#13;\n<div class=\"textarea-desti col-xs-12 col-sm-6\">&#13;\n<div class=\"form-control second-textarea\">Mitjan\u00e7ant una <strong>atenci\u00f3 personalitzada<\/strong> de cada alumne i de cada fam\u00edlia que es refor\u00e7a amb una entrevista trimestral (com a m\u00ednim) entre el tutor i els pares. En aquestes trobades es valora el projecte de cada fill i s&#8217;estableixen objectius comuns entre l&#8217;educaci\u00f3 que es dona a casa i a l&#8217;escola. Viar\u00f3 \u00e9s un col\u00b7legi de fam\u00edlies, aquest \u00e9s el nostre secret.<\/div>&#13;\n<\/div>&#13;\n<\/div><\/p>\n\n\n\n<p><div class=\"traductor-textarea form-group\">&#13;\n<div class=\"textarea-desti col-xs-12 col-sm-6\">&#13;\n<div class=\"form-control second-textarea\">Tamb\u00e9 disposem d&#8217;altres <strong>espais i moments de trobada<\/strong> entre les fam\u00edlies i amb el professorat:<\/div>&#13;\n<\/div>&#13;\n<\/div>&#13;\n<div class=\"traductor-checkbox form-group\">&#13;\n<div class=\"row\">&#13;\n<div class=\"col-sm-offset-2 col-sm-5\"><\/div>&#13;\n<\/div>&#13;\n<\/div><\/p>\n\n\n\n<ul class=\"wp-block-list\">\n<li>Sessions i tallers educatius<\/li>\n\n\n\n<li>Fiestas y eventos del colegio para toda la familia. <a href=\"https:\/\/viaro.org\/ca\/informacio-general\/#CALENDARIO\" target=\"_blank\" rel=\"noreferrer noopener\"><strong>Consulta el calendario<\/strong>.<\/a><\/li>\n\n\n\n<li>Reuni\u00f3 trimestral de pares sobre temes pedag\u00f2gics, acad\u00e8mics i formatius propis de cada edat, i sopar de matrimonis.&#13;\n<\/li>\n\n\n\n<li>Escuela de Familias. Se ofrecen los cursos <em>Family Enrichment<\/em> del <strong><a href=\"https:\/\/www.fert.es\/\" target=\"_blank\" rel=\"noreferrer noopener\">FERT<\/a><\/strong> y la Jornada Educaci\u00f3n y Familia para un acompa\u00f1amiento pr\u00e1ctico en las distintas etapas del ni\u00f1o.<\/li>\n\n\n\n<li>Activitats extraescolars per a pares i mares.&#13;\n&#13;\n<a href=\"https:\/\/viaro.org\/ca\/activitats-extraescolars-per-adults\/\" target=\"_blank\" rel=\"noreferrer noopener\"><strong>Descobreix les activitats.<\/strong><\/a><\/li>\n<\/ul>\n\n\n\n<p id=\"enlaces\"><div class=\"traductor-textarea form-group\">&#13;\n<div class=\"textarea-desti col-xs-12 col-sm-6\">&#13;\n<div class=\"form-control second-textarea\">A m\u00e9s, cada classe compta amb un <strong>matrimoni encarregat<\/strong> de promoure aquestes trobades i facilitar el tracte entre pares i mares del grup.<\/div>&#13;\n<\/div>&#13;\n<\/div><\/p>\n<\/div>\n\n\n\n<div class=\"wp-block-column is-layout-flow wp-block-column-is-layout-flow\"><\/div>\n<\/div>\n\n<div style=\"height:50px\" aria-hidden=\"true\" class=\"wp-block-spacer\"><\/div>\n\n<div class=\"wp-block-columns has-background is-layout-flex wp-container-core-columns-is-layout-9d6595d7 wp-block-columns-is-layout-flex\" style=\"background-color:#f0f0f0\">\n<div class=\"wp-block-column is-layout-flow wp-block-column-is-layout-flow\"><\/div>\n\n\n\n<div class=\"wp-block-column is-layout-flow wp-block-column-is-layout-flow\" style=\"flex-basis:80%\">\n<h2 class=\"wp-block-heading\">Serveis<\/h2>\n\n\n\n<div class=\"wp-block-columns is-layout-flex wp-container-core-columns-is-layout-9d6595d7 wp-block-columns-is-layout-flex\">\n<div class=\"wp-block-column is-layout-flow wp-block-column-is-layout-flow\">\n<div style=\"height:25px\" aria-hidden=\"true\" class=\"wp-block-spacer\"><\/div>\n\n\n<div class=\"wp-block-image\">\n<figure class=\"aligncenter size-full is-resized\"><img decoding=\"async\" src=\"https:\/\/viaro.org\/wp-content\/uploads\/2022\/10\/educacion-infantil-menu.png\" alt=\"cocina infantil\" class=\"wp-image-14417\" width=\"64\" height=\"64\"\/><\/figure><\/div>\n\n\n<h4 class=\"has-text-align-center wp-block-heading\">Cuina Pr\u00f2pia<\/h4>\n\n\n\n<p class=\"has-text-align-center\" id=\"proyectos\">Men\u00fas elaborats per una nutricionista<\/p>\n\n\n\n<div class=\"wp-block-buttons is-horizontal is-content-justification-center is-layout-flex wp-container-core-buttons-is-layout-499968f5 wp-block-buttons-is-layout-flex\">\n<div class=\"wp-block-button has-custom-width wp-block-button__width-75 has-custom-font-size has-small-font-size\"><a class=\"wp-block-button__link has-white-color has-text-color has-background wp-element-button\" href=\"https:\/\/viaro.org\/ca\/menu-escolar\/menu-escolar-2\/\" style=\"background-color:#b2153f\" target=\"_blank\" rel=\"noreferrer noopener\"><strong>Men\u00fa Infantil P1<\/strong><\/a><\/div>\n\n\n\n<div class=\"wp-block-button has-custom-width wp-block-button__width-75 has-custom-font-size has-small-font-size\"><a class=\"wp-block-button__link has-white-color has-text-color has-background wp-element-button\" href=\"https:\/\/viaro.org\/ca\/menu-escolar\/menu-escolar-2\/\" style=\"background-color:#b2153f\" target=\"_blank\" rel=\"noreferrer noopener\"><strong>Man\u00fa Infantil P2 &#8211; P5<\/strong><\/a><\/div>\n<\/div>\n<\/div>\n\n\n\n<div class=\"wp-block-column is-vertically-aligned-top is-layout-flow wp-block-column-is-layout-flow\">\n<div style=\"height:25px\" aria-hidden=\"true\" class=\"wp-block-spacer\"><\/div>\n\n\n<div class=\"wp-block-image\">\n<figure class=\"aligncenter size-full is-resized\"><img decoding=\"async\" src=\"https:\/\/viaro.org\/wp-content\/uploads\/2022\/10\/educacion-infantil-horario.png\" alt=\"Horari Infantil\" class=\"wp-image-14414\" width=\"64\" height=\"64\"\/><\/figure><\/div>\n\n\n<h4 class=\"has-text-align-center wp-block-heading\" id=\"INSTALACIONES\">Horari Flexible<\/h4>\n\n\n\n<p class=\"has-text-align-center\">Perman\u00e8ncies apliades de 8:00 a 18:00<\/p>\n\n\n\n<div class=\"wp-block-buttons is-horizontal is-content-justification-center is-layout-flex wp-container-core-buttons-is-layout-499968f5 wp-block-buttons-is-layout-flex\">\n<div class=\"wp-block-button has-custom-width wp-block-button__width-75 has-custom-font-size has-small-font-size\"><a class=\"wp-block-button__link has-white-color has-text-color has-background wp-element-button\" href=\"https:\/\/viaro.org\/ca\/informacio-general\/\" style=\"background-color:#b2153f\" target=\"_blank\" rel=\"noreferrer noopener\"><strong>Informaci\u00f3 General<\/strong><\/a><\/div>\n<\/div>\n<\/div>\n\n\n\n<div class=\"wp-block-column is-layout-flow wp-block-column-is-layout-flow\">\n<div style=\"height:25px\" aria-hidden=\"true\" class=\"wp-block-spacer\"><\/div>\n\n\n<div class=\"wp-block-image\">\n<figure class=\"aligncenter size-full is-resized\"><img decoding=\"async\" src=\"https:\/\/viaro.org\/wp-content\/uploads\/2022\/10\/educacion-infantil-extraescolares.png\" alt=\"extraescolares infantil\" class=\"wp-image-14420\" width=\"64\" height=\"64\"\/><\/figure><\/div>\n\n\n<h4 class=\"has-text-align-center wp-block-heading\">Extraescolars<\/h4>\n\n\n\n<p class=\"has-text-align-center\">M\u00fasica, nataci\u00f3, jocs esportius<\/p>\n\n\n\n<div class=\"wp-block-buttons is-horizontal is-content-justification-center is-layout-flex wp-container-core-buttons-is-layout-499968f5 wp-block-buttons-is-layout-flex\">\n<div class=\"wp-block-button has-custom-width wp-block-button__width-75 has-custom-font-size has-small-font-size\"><a class=\"wp-block-button__link has-white-color has-text-color has-background wp-element-button\" href=\"https:\/\/viaro.org\/ca\/activitats-extraescolars-a-viaro\/\" style=\"background-color:#b2153f\" target=\"_blank\" rel=\"noreferrer noopener\"><strong>Extraescolars<\/strong><\/a><\/div>\n<\/div>\n<\/div>\n<\/div>\n<\/div>\n\n\n\n<div class=\"wp-block-column is-layout-flow wp-block-column-is-layout-flow\"><\/div>\n<\/div>\n\n<div style=\"height:50px\" aria-hidden=\"true\" class=\"wp-block-spacer\"><\/div>\n\n<div class=\"wp-block-columns is-layout-flex wp-container-core-columns-is-layout-9d6595d7 wp-block-columns-is-layout-flex\">\n<div class=\"wp-block-column is-layout-flow wp-block-column-is-layout-flow\"><\/div>\n\n\n\n<div class=\"wp-block-column is-layout-flow wp-block-column-is-layout-flow\" style=\"flex-basis:80%\">\n<h2 class=\"wp-block-heading\">Projecte Pedag\u00f2gic d&#8217;Educaci\u00f3 Infantil  <\/h2>\n\n\n\n<div class=\"wp-block-columns is-layout-flex wp-container-core-columns-is-layout-9d6595d7 wp-block-columns-is-layout-flex\">\n<div class=\"wp-block-column is-layout-flow wp-block-column-is-layout-flow\" style=\"flex-basis:10%\"><\/div>\n\n\n\n<div class=\"wp-block-column is-vertically-aligned-top is-layout-flow wp-block-column-is-layout-flow\">\n<div style=\"height:25px\" aria-hidden=\"true\" class=\"wp-block-spacer\"><\/div>\n\n\n<div class=\"wp-block-image\">\n<figure class=\"aligncenter size-full is-resized\"><img decoding=\"async\" src=\"https:\/\/viaro.org\/wp-content\/uploads\/2022\/10\/rompecabezas.png\" alt=\"educacion infantil cicle 1\" class=\"wp-image-14535\" width=\"64\" height=\"64\" srcset=\"https:\/\/viaro.org\/wp-content\/uploads\/2022\/10\/rompecabezas.png 512w, https:\/\/viaro.org\/wp-content\/uploads\/2022\/10\/rompecabezas-300x300.png 300w, https:\/\/viaro.org\/wp-content\/uploads\/2022\/10\/rompecabezas-150x150.png 150w\" sizes=\"(max-width: 64px) 100vw, 64px\" \/><\/figure><\/div>\n\n\n<h4 class=\"has-text-align-center wp-block-heading\" id=\"INSTALACIONES\">Primer Cicle<\/h4>\n\n\n\n<p class=\"has-text-align-center\">de 0 a 2 anys<\/p>\n\n\n\n<div class=\"wp-block-buttons is-horizontal is-content-justification-center is-layout-flex wp-container-core-buttons-is-layout-499968f5 wp-block-buttons-is-layout-flex\">\n<div class=\"wp-block-button has-custom-width wp-block-button__width-50 has-custom-font-size has-small-font-size\"><a class=\"wp-block-button__link has-white-color has-text-color has-background wp-element-button\" href=\"https:\/\/viaro.org\/educacion-infantil\/proyecto-pedagogico-de-0-a-2-anos\/\" style=\"background-color:#b2153f\"><strong>Veure Projecte<\/strong><\/a><\/div>\n<\/div>\n<\/div>\n\n\n\n<div class=\"wp-block-column is-layout-flow wp-block-column-is-layout-flow\" style=\"flex-basis:10%\"><\/div>\n\n\n\n<div class=\"wp-block-column is-layout-flow wp-block-column-is-layout-flow\">\n<div style=\"height:25px\" aria-hidden=\"true\" class=\"wp-block-spacer\"><\/div>\n\n\n<div class=\"wp-block-image\">\n<figure class=\"aligncenter size-full is-resized\"><img decoding=\"async\" src=\"https:\/\/viaro.org\/wp-content\/uploads\/2022\/10\/lapices-de-colores.png\" alt=\"educacio infantil cicle 2\" class=\"wp-image-14538\" width=\"64\" height=\"64\" srcset=\"https:\/\/viaro.org\/wp-content\/uploads\/2022\/10\/lapices-de-colores.png 512w, https:\/\/viaro.org\/wp-content\/uploads\/2022\/10\/lapices-de-colores-300x300.png 300w, https:\/\/viaro.org\/wp-content\/uploads\/2022\/10\/lapices-de-colores-150x150.png 150w\" sizes=\"(max-width: 64px) 100vw, 64px\" \/><\/figure><\/div>\n\n\n<h4 class=\"has-text-align-center wp-block-heading\">Segon Cicle<\/h4>\n\n\n\n<p class=\"has-text-align-center\">de 3 a 6 anys<\/p>\n\n\n\n<div class=\"wp-block-buttons is-horizontal is-content-justification-center is-layout-flex wp-container-core-buttons-is-layout-499968f5 wp-block-buttons-is-layout-flex\">\n<div class=\"wp-block-button has-custom-width wp-block-button__width-50 has-custom-font-size has-small-font-size\"><a class=\"wp-block-button__link has-white-color has-text-color has-background wp-element-button\" href=\"https:\/\/viaro.org\/educacion-infantil\/proyecto-pedagogico-de-3-a-6-anos\/\" style=\"background-color:#b2153f\"><strong>Veure Projecte<\/strong><\/a><\/div>\n<\/div>\n<\/div>\n\n\n\n<div class=\"wp-block-column is-layout-flow wp-block-column-is-layout-flow\" style=\"flex-basis:10%\"><\/div>\n<\/div>\n<\/div>\n\n\n\n<div class=\"wp-block-column is-layout-flow wp-block-column-is-layout-flow\"><\/div>\n<\/div>\n\n<div style=\"height:50px\" aria-hidden=\"true\" class=\"wp-block-spacer\"><\/div>\n\n<div class=\"wp-block-columns is-layout-flex wp-container-core-columns-is-layout-9d6595d7 wp-block-columns-is-layout-flex\">\n<div class=\"wp-block-column is-layout-flow wp-block-column-is-layout-flow\"><\/div>\n\n\n\n<div class=\"wp-block-column is-layout-flow wp-block-column-is-layout-flow\" style=\"flex-basis:80%\">\n<h2 class=\"wp-block-heading\">Instal\u00b7lacions<\/h2>\n\n\n\n<div class=\"wp-block-columns is-layout-flex wp-container-core-columns-is-layout-9d6595d7 wp-block-columns-is-layout-flex\">\n<div class=\"wp-block-column is-layout-flow wp-block-column-is-layout-flow\">\n<figure class=\"wp-block-image size-large\"><img decoding=\"async\" width=\"1024\" height=\"768\" src=\"https:\/\/viaro.org\/wp-content\/uploads\/2022\/10\/educacion-infantil-instalaciones-2-1024x768.jpeg\" alt=\"\" class=\"wp-image-14518\" srcset=\"https:\/\/viaro.org\/wp-content\/uploads\/2022\/10\/educacion-infantil-instalaciones-2-1024x768.jpeg 1024w, https:\/\/viaro.org\/wp-content\/uploads\/2022\/10\/educacion-infantil-instalaciones-2-300x225.jpeg 300w, https:\/\/viaro.org\/wp-content\/uploads\/2022\/10\/educacion-infantil-instalaciones-2-768x576.jpeg 768w, https:\/\/viaro.org\/wp-content\/uploads\/2022\/10\/educacion-infantil-instalaciones-2-1536x1152.jpeg 1536w, https:\/\/viaro.org\/wp-content\/uploads\/2022\/10\/educacion-infantil-instalaciones-2.jpeg 1600w\" sizes=\"(max-width: 1024px) 100vw, 1024px\" \/><\/figure><\/div>\n\n\n\n<div class=\"wp-block-column is-layout-flow wp-block-column-is-layout-flow\">\n<figure class=\"wp-block-image size-large\"><img decoding=\"async\" width=\"1024\" height=\"768\" src=\"https:\/\/viaro.org\/wp-content\/uploads\/2022\/10\/educacion-infantil-instalaciones-3-1024x768.jpeg\" alt=\"\" class=\"wp-image-14521\" srcset=\"https:\/\/viaro.org\/wp-content\/uploads\/2022\/10\/educacion-infantil-instalaciones-3-1024x768.jpeg 1024w, https:\/\/viaro.org\/wp-content\/uploads\/2022\/10\/educacion-infantil-instalaciones-3-300x225.jpeg 300w, https:\/\/viaro.org\/wp-content\/uploads\/2022\/10\/educacion-infantil-instalaciones-3-768x576.jpeg 768w, https:\/\/viaro.org\/wp-content\/uploads\/2022\/10\/educacion-infantil-instalaciones-3-1536x1152.jpeg 1536w, https:\/\/viaro.org\/wp-content\/uploads\/2022\/10\/educacion-infantil-instalaciones-3.jpeg 1600w\" sizes=\"(max-width: 1024px) 100vw, 1024px\" \/><\/figure><\/div>\n\n\n\n<div class=\"wp-block-column is-layout-flow wp-block-column-is-layout-flow\">\n<figure class=\"wp-block-image size-large\"><img decoding=\"async\" width=\"1024\" height=\"768\" src=\"https:\/\/viaro.org\/wp-content\/uploads\/2022\/10\/educacion-infantil-instalaciones-1-1024x768.jpeg\" alt=\"\" class=\"wp-image-14524\" srcset=\"https:\/\/viaro.org\/wp-content\/uploads\/2022\/10\/educacion-infantil-instalaciones-1-1024x768.jpeg 1024w, https:\/\/viaro.org\/wp-content\/uploads\/2022\/10\/educacion-infantil-instalaciones-1-300x225.jpeg 300w, https:\/\/viaro.org\/wp-content\/uploads\/2022\/10\/educacion-infantil-instalaciones-1-768x576.jpeg 768w, https:\/\/viaro.org\/wp-content\/uploads\/2022\/10\/educacion-infantil-instalaciones-1-1536x1152.jpeg 1536w, https:\/\/viaro.org\/wp-content\/uploads\/2022\/10\/educacion-infantil-instalaciones-1.jpeg 1600w\" sizes=\"(max-width: 1024px) 100vw, 1024px\" \/><\/figure><\/div>\n\n\n\n<div class=\"wp-block-column is-layout-flow wp-block-column-is-layout-flow\">\n<figure class=\"wp-block-image size-large\"><img decoding=\"async\" width=\"1024\" height=\"768\" src=\"https:\/\/viaro.org\/wp-content\/uploads\/2022\/10\/educacion-infantil-instalaciones-4-1024x768.jpeg\" alt=\"\" class=\"wp-image-14527\" srcset=\"https:\/\/viaro.org\/wp-content\/uploads\/2022\/10\/educacion-infantil-instalaciones-4-1024x768.jpeg 1024w, https:\/\/viaro.org\/wp-content\/uploads\/2022\/10\/educacion-infantil-instalaciones-4-300x225.jpeg 300w, https:\/\/viaro.org\/wp-content\/uploads\/2022\/10\/educacion-infantil-instalaciones-4-768x576.jpeg 768w, https:\/\/viaro.org\/wp-content\/uploads\/2022\/10\/educacion-infantil-instalaciones-4-1536x1152.jpeg 1536w, https:\/\/viaro.org\/wp-content\/uploads\/2022\/10\/educacion-infantil-instalaciones-4.jpeg 1600w\" sizes=\"(max-width: 1024px) 100vw, 1024px\" \/><\/figure><\/div>\n<\/div>\n\n\n\n<p><div class=\"traductor-textarea form-group\">&#13;\n<div class=\"textarea-desti col-xs-12 col-sm-6\">&#13;\n<div class=\"form-control second-textarea\">Viar\u00f3 disposa d&#8217;un nombr\u00f3s equipament esportiu: piscina pr\u00f2pia, pista de tenis, camps de futbol, pistes de b\u00e0squet, poliesportiu&#8230;<\/div>&#13;\n<\/div>&#13;\n<\/div>&#13;\n<div class=\"traductor-checkbox form-group\">&#13;\n<div class=\"row\">&#13;\n<div class=\"col-sm-offset-2 col-sm-5\"><\/div>&#13;\n<\/div>&#13;\n<\/div><\/p>\n\n\n\n<p><div class=\"traductor-textarea form-group\">&#13;\n<div class=\"textarea-desti col-xs-12 col-sm-6\">&#13;\n<div class=\"form-control second-textarea\">A m\u00e9s, els nostres alumnes gaudeixen d&#8217;amplis <strong>espais naturals<\/strong>: patis exteriors especialment dissenyats per a l&#8217;educaci\u00f3 infantil, zones de bosc, l&#8217;hort escolar, zones enjardinades, etc.<\/div>&#13;\n<\/div>&#13;\n<\/div>&#13;\n<div class=\"traductor-checkbox form-group\">&#13;\n<div class=\"row\">&#13;\n<div class=\"col-sm-offset-2 col-sm-5\"><\/div>&#13;\n<\/div>&#13;\n<\/div><\/p>\n\n\n\n<p><div class=\"traductor-textarea form-group\">&#13;\n<div class=\"textarea-desti col-xs-12 col-sm-6\">&#13;\n<div class=\"form-control second-textarea\">Les instal\u00b7lacions estan <strong>obertes a les fam\u00edlies<\/strong> els caps de setmana per a organitzar trobades amb altres fam\u00edlies o practicar esport.<\/div>&#13;\n<\/div>&#13;\n<\/div><\/p>\n\n\n\n<div class=\"wp-block-columns is-layout-flex wp-container-core-columns-is-layout-9d6595d7 wp-block-columns-is-layout-flex\">\n<div class=\"wp-block-column is-layout-flow wp-block-column-is-layout-flow\">\n<h3 class=\"has-text-align-left has-text-color wp-block-heading\" style=\"color:#b2153f\">Un espai natural a 15 min de Barcelona<\/h3>\n\n\n\n<iframe width=\"560\" height=\"315\" src=\"https:\/\/www.youtube.com\/embed\/NOK89A5xTfk\" title=\"YouTube video player\" frameborder=\"0\" allow=\"accelerometer; autoplay; clipboard-write; encrypted-media; gyroscope; picture-in-picture\" allowfullscreen=\"\"><\/iframe>\r\n<\/div>\n\n\n\n<div class=\"wp-block-column is-layout-flow wp-block-column-is-layout-flow\" style=\"flex-basis:10%\"><\/div>\n\n\n\n<div class=\"wp-block-column is-layout-flow wp-block-column-is-layout-flow\">\n<h3 class=\"has-text-align-left has-text-color wp-block-heading\" style=\"color:#b2153f\">Aules i espais d&#8217;Educaci\u00f3 Infantil<\/h3>\n\n\n\n<iframe width=\"560\" height=\"315\" src=\"https:\/\/www.youtube.com\/embed\/K5544_s14O4\" title=\"YouTube video player\" frameborder=\"0\" allow=\"accelerometer; autoplay; clipboard-write; encrypted-media; gyroscope; picture-in-picture\" allowfullscreen=\"\"><\/iframe>\n<\/div>\n<\/div>\n<\/div>\n\n\n\n<div class=\"wp-block-column is-layout-flow wp-block-column-is-layout-flow\"><\/div>\n<\/div>\n\n<div class=\"wp-block-columns is-layout-flex wp-container-core-columns-is-layout-9d6595d7 wp-block-columns-is-layout-flex\">\n<div class=\"wp-block-column is-layout-flow wp-block-column-is-layout-flow\"><\/div>\n\n\n\n<div class=\"wp-block-column is-layout-flow wp-block-column-is-layout-flow\" style=\"flex-basis:80%\">\n<h2 class=\"wp-block-heading\">El nostre blog d&#8217;educaci\u00f3<\/h2>\n\n\n\n<p>Les nostres docents publiquen cada setmana articles sobre educaci\u00f3 infantil amb un enfocament pr\u00e0ctic perqu\u00e8 les fam\u00edlies puguin treure el m\u00e0xim profit. Tamb\u00e9 mostren el desenvolupament del nostre projecte educatiu en el dia a dia i ens ofereixen innombrables consells i plans per a fer en fam\u00edlia.&#13;\n<\/p>\n\n\n<div class=\"wp-block-image\">\n<figure class=\"aligncenter size-full\"><a href=\"https:\/\/viaro.org\/unafinestraoberta\/\" target=\"_blank\" rel=\"noopener\"><img decoding=\"async\" width=\"366\" height=\"262\" src=\"https:\/\/viaro.org\/wp-content\/uploads\/2022\/10\/Una-finestra-oberta-web-01-1.png\" alt=\"Finestra oberta a Viar&#xF3; Infantil\" class=\"wp-image-14547\" srcset=\"https:\/\/viaro.org\/wp-content\/uploads\/2022\/10\/Una-finestra-oberta-web-01-1.png 366w, https:\/\/viaro.org\/wp-content\/uploads\/2022\/10\/Una-finestra-oberta-web-01-1-300x215.png 300w\" sizes=\"(max-width: 366px) 100vw, 366px\" \/><\/a><\/figure><\/div>\n\n\n<p class=\"has-text-align-center\"><strong><a href=\"https:\/\/viaro.org\/unafinestraoberta\/\" target=\"_blank\" rel=\"noreferrer noopener\">Visita el blog Una finestra Oberta a Viar\u00f3 Infantil<\/a><\/strong><\/p>\n<\/div>\n\n\n\n<div class=\"wp-block-column is-layout-flow wp-block-column-is-layout-flow\"><\/div>\n<\/div>\n","protected":false},"excerpt":{"rendered":"<p>INFANTIL VIAR\u00d3 GLOBAL SCHOOL &#13; &#13; Que comparteix la il\u00b7lusi\u00f3 d&#8217;ajudar als pares en l&#8217;educaci\u00f3 de cadascun dels seus fills per a aconseguir aquests quatre reptes &#13; &#13; #1 Nens feli\u00e7os en un m\u00f3n millor Treballem un curr\u00edculum ric en oportunitats que permet personalitzar l&#8217;educaci\u00f3 infantil en cada nen i cada nena, perqu\u00e8 lliurement desitgin [&hellip;]<\/p>\n","protected":false},"author":12,"featured_media":14370,"parent":0,"menu_order":0,"comment_status":"closed","ping_status":"closed","template":"","meta":{"_uag_custom_page_level_css":"","_joinchat":[],"footnotes":""},"class_list":["post-14352","page","type-page","status-publish","has-post-thumbnail","hentry"],"uagb_featured_image_src":{"full":["https:\/\/viaro.org\/wp-content\/uploads\/2022\/10\/educacion-infantil-header-scaled.jpg",2560,728,false],"thumbnail":["https:\/\/viaro.org\/wp-content\/uploads\/2022\/10\/educacion-infantil-header-150x150.jpg",150,150,true],"medium":["https:\/\/viaro.org\/wp-content\/uploads\/2022\/10\/educacion-infantil-header-300x85.jpg",300,85,true],"medium_large":["https:\/\/viaro.org\/wp-content\/uploads\/2022\/10\/educacion-infantil-header-768x218.jpg",640,182,true],"large":["https:\/\/viaro.org\/wp-content\/uploads\/2022\/10\/educacion-infantil-header-1024x291.jpg",640,182,true],"1536x1536":["https:\/\/viaro.org\/wp-content\/uploads\/2022\/10\/educacion-infantil-header-1536x437.jpg",1536,437,true],"2048x2048":["https:\/\/viaro.org\/wp-content\/uploads\/2022\/10\/educacion-infantil-header-2048x582.jpg",2048,582,true],"related-content":["https:\/\/viaro.org\/wp-content\/uploads\/2022\/10\/educacion-infantil-header-297x167.jpg",297,167,true]},"uagb_author_info":{"display_name":"Ignacio Malmierca","author_link":"https:\/\/viaro.org\/ca\/author\/imalmierca\/"},"uagb_comment_info":0,"uagb_excerpt":"INFANTIL VIAR\u00d3 GLOBAL SCHOOL &#13; &#13; Que comparteix la il\u00b7lusi\u00f3 d&#8217;ajudar als pares en l&#8217;educaci\u00f3 de cadascun dels seus fills per a aconseguir aquests quatre reptes &#13; &#13; #1 Nens feli\u00e7os en un m\u00f3n millor Treballem un curr\u00edculum ric en oportunitats que permet personalitzar l&#8217;educaci\u00f3 infantil en cada nen i cada nena, perqu\u00e8 lliurement desitgin&hellip;","_links":{"self":[{"href":"https:\/\/viaro.org\/ca\/wp-json\/wp\/v2\/pages\/14352","targetHints":{"allow":["GET"]}}],"collection":[{"href":"https:\/\/viaro.org\/ca\/wp-json\/wp\/v2\/pages"}],"about":[{"href":"https:\/\/viaro.org\/ca\/wp-json\/wp\/v2\/types\/page"}],"author":[{"embeddable":true,"href":"https:\/\/viaro.org\/ca\/wp-json\/wp\/v2\/users\/12"}],"replies":[{"embeddable":true,"href":"https:\/\/viaro.org\/ca\/wp-json\/wp\/v2\/comments?post=14352"}],"version-history":[{"count":30,"href":"https:\/\/viaro.org\/ca\/wp-json\/wp\/v2\/pages\/14352\/revisions"}],"predecessor-version":[{"id":19295,"href":"https:\/\/viaro.org\/ca\/wp-json\/wp\/v2\/pages\/14352\/revisions\/19295"}],"wp:featuredmedia":[{"embeddable":true,"href":"https:\/\/viaro.org\/ca\/wp-json\/wp\/v2\/media\/14370"}],"wp:attachment":[{"href":"https:\/\/viaro.org\/ca\/wp-json\/wp\/v2\/media?parent=14352"}],"curies":[{"name":"wp","href":"https:\/\/api.w.org\/{rel}","templated":true}]}}