{"id":19542,"date":"2024-09-18T12:43:09","date_gmt":"2024-09-18T12:43:09","guid":{"rendered":"https:\/\/viaro.org\/?page_id=19542"},"modified":"2025-10-08T10:21:58","modified_gmt":"2025-10-08T10:21:58","slug":"festa-infantil","status":"publish","type":"page","link":"https:\/\/viaro.org\/ca\/festa-infantil\/","title":{"rendered":"Festa Infantil"},"content":{"rendered":"\n<div class=\"wp-block-uagb-container uag-hide-mob uagb-block-446147b8 alignfull uagb-is-root-container\"><div class=\"uagb-container-inner-blocks-wrap\">\n<div class=\"wp-block-uagb-buttons uagb-buttons__outer-wrap uagb-btn__small-btn uagb-btn-tablet__default-btn uagb-btn-mobile__default-btn uagb-block-37f3596a uag-hide-mob\"><div class=\"uagb-buttons__wrap uagb-buttons-layout-wrap \">\n<div class=\"wp-block-uagb-buttons-child uagb-buttons__outer-wrap uagb-block-ac682533 wp-block-button\"><div class=\"uagb-button__wrapper\"><a class=\"uagb-buttons-repeater wp-block-button__link\" aria-label=\"\" href=\"#infantil\" rel=\"follow noopener\" target=\"_self\" role=\"button\"><div class=\"uagb-button__link\">Festa Infantil<\/div><\/a><\/div><\/div>\n\n\n\n<div class=\"wp-block-uagb-buttons-child uagb-buttons__outer-wrap uagb-block-e699a583 wp-block-button\"><div class=\"uagb-button__wrapper\"><a class=\"uagb-buttons-repeater wp-block-button__link\" aria-label=\"\" href=\"#inscripcion\" rel=\"follow noopener\" target=\"_self\" role=\"button\"><div class=\"uagb-button__link\">Inscripci\u00f3<\/div><\/a><\/div><\/div>\n\n\n\n<div class=\"wp-block-uagb-buttons-child uagb-buttons__outer-wrap uagb-block-a1ebbce8 wp-block-button\"><div class=\"uagb-button__wrapper\"><a class=\"uagb-buttons-repeater wp-block-button__link\" aria-label=\"\" href=\"#anteriores\" rel=\"follow noopener\" target=\"_self\" role=\"button\"><div class=\"uagb-button__link\">Edicions anteriors<\/div><\/a><\/div><\/div>\n\n\n\n<div class=\"wp-block-uagb-buttons-child uagb-buttons__outer-wrap uagb-block-50049730 wp-block-button\"><div class=\"uagb-button__wrapper\"><a class=\"uagb-buttons-repeater wp-block-button__link\" aria-label=\"\" href=\"#jpa\" rel=\"follow noopener\" target=\"_self\" role=\"button\"><div class=\"uagb-button__link\">Portes Obertes<\/div><\/a><\/div><\/div>\n<\/div><\/div>\n<\/div><\/div>\n\n\n\n<div class=\"wp-block-uagb-info-box uagb-block-56216919 uagb-infobox__content-wrap  uagb-infobox-icon-above-title uagb-infobox-image-valign-top\" id=\"infantil\"><div class=\"uagb-ifb-content\"><div class=\"uagb-ifb-title-wrap\"><h2 class=\"uagb-ifb-title\">VINE A LA FESTA INFANTIL<br>38a edici\u00f3<\/h2><\/div><div class=\"uagb-ifb-separator\"><\/div><p class=\"uagb-ifb-desc\">Arriba un dels esdeveniments m\u00e9s esperats<br><strong>Jocs, tallers, castells inflables, tren, espectacles&#8230;<br><\/strong><\/p><\/div><\/div>\n\n\n\n<div style=\"height:40px\" aria-hidden=\"true\" class=\"wp-block-spacer\"><\/div>\n\n\n\n<div class=\"wp-block-uagb-info-box uagb-block-6d52670e uagb-infobox__content-wrap  uagb-infobox-icon-above-title uagb-infobox-image-valign-top\" id=\"infantil\"><div class=\"uagb-ifb-content\"><div class=\"uagb-ifb-title-wrap\"><h3 class=\"uagb-ifb-title\">Dissabte, 18 d&#8217;octubre de 2025 d&#8217;11:00 a 13:30<\/h3><\/div><\/div><\/div>\n\n\n\n<div style=\"height:75px\" aria-hidden=\"true\" class=\"wp-block-spacer\"><\/div>\n\n\n\n<div class=\"wp-block-uagb-container uagb-block-19343448 alignfull uagb-is-root-container\"><div class=\"uagb-container-inner-blocks-wrap\">\n<div class=\"wp-block-uagb-container uagb-block-65614cc6\">\n<div class=\"wp-block-uagb-info-box uagb-block-226df971 uagb-infobox__content-wrap  uagb-infobox-icon-above-title uagb-infobox-image-valign-top\"><div class=\"uagb-ifb-content\"><div class=\"uagb-ifb-title-wrap\"><h3 class=\"uagb-ifb-title\">OBERTA A TOTHOM<\/h3><\/div><div class=\"uagb-ifb-separator\"><\/div><p class=\"uagb-ifb-desc\">La Festa Infantil acull a nens i nenes de 0 a 7 anys. <strong>Est\u00e0 oberta a tothom!<\/strong> No deixeu de convidar a familiars i amics.<br><br>Gr\u00e0cies a la inestimable col\u00b7laboraci\u00f3 de desenes <strong>d&#8217;alumnes voluntaris de Secund\u00e0ria i Batxillerat<\/strong> Podem oferir a les fam\u00edlies un entorn molt ben decorat, atenci\u00f3 en tots els tallers i atraccions i un tracte personalitzat i alegre.<br><br><strong><a href=\"https:\/\/youtu.be\/kN0Xw9ynPuA?si=QjoDsdUrYaagy7Ch\" target=\"_blank\" rel=\"noreferrer noopener\">Descobreix-lo en aquest v\u00eddeo &gt;<\/a><\/strong><\/p><\/div><\/div>\n<\/div>\n\n\n\n<div class=\"wp-block-uagb-container uagb-block-e6c798a0\"><div class=\"epyt-video-wrapper\"><div  style=\"display: block; margin: 0px auto;\"  id=\"_ytid_60829\"  width=\"800\" height=\"450\"  data-origwidth=\"800\" data-origheight=\"450\" data-facadesrc=\"https:\/\/www.youtube.com\/embed\/kN0Xw9ynPuA?enablejsapi=1&#038;autoplay=0&#038;cc_load_policy=0&#038;cc_lang_pref=&#038;iv_load_policy=3&#038;loop=0&#038;rel=0&#038;fs=1&#038;playsinline=0&#038;autohide=2&#038;theme=dark&#038;color=white&#038;controls=1&#038;disablekb=0&#038;\" class=\"__youtube_prefs__ epyt-facade no-lazyload\" data-epautoplay=\"1\" ><img decoding=\"async\" data-spai-excluded=\"true\" class=\"epyt-facade-poster skip-lazy\" loading=\"lazy\"  alt=\"YouTube player\"  src=\"https:\/\/i.ytimg.com\/vi\/kN0Xw9ynPuA\/maxresdefault.jpg\"  \/><button class=\"epyt-facade-play\" aria-label=\"Play\"><svg data-no-lazy=\"1\" height=\"100%\" version=\"1.1\" viewBox=\"0 0 68 48\" width=\"100%\"><path class=\"ytp-large-play-button-bg\" d=\"M66.52,7.74c-0.78-2.93-2.49-5.41-5.42-6.19C55.79,.13,34,0,34,0S12.21,.13,6.9,1.55 C3.97,2.33,2.27,4.81,1.48,7.74C0.06,13.05,0,24,0,24s0.06,10.95,1.48,16.26c0.78,2.93,2.49,5.41,5.42,6.19 C12.21,47.87,34,48,34,48s21.79-0.13,27.1-1.55c2.93-0.78,4.64-3.26,5.42-6.19C67.94,34.95,68,24,68,24S67.94,13.05,66.52,7.74z\" fill=\"#f00\"><\/path><path d=\"M 45,24 27,14 27,34\" fill=\"#fff\"><\/path><\/svg><\/button><\/div><\/div><\/div>\n<\/div><\/div>\n\n\n\n<div style=\"height:130px\" aria-hidden=\"true\" class=\"wp-block-spacer\"><\/div>\n\n\n\n<div class=\"wp-block-uagb-info-box uagb-block-ee05c067 uagb-infobox__content-wrap  uagb-infobox-icon-above-title uagb-infobox-image-valign-top\" id=\"inscripcion\"><div class=\"uagb-ifb-content\"><div class=\"uagb-ifb-title-wrap\"><h2 class=\"uagb-ifb-title\">INSCRIPCIONS<\/h2><\/div><div class=\"uagb-ifb-separator\"><\/div><p class=\"uagb-ifb-desc\">Emplena el formulari i rep la teva entrada familiar per a la Festa Infantil de Viar\u00f3<br><br><strong>Tamb\u00e9 podr\u00e0s apuntar-te a les visites de Portes Obertes que farem durant el dia<\/strong><br><strong>i en les quals explicarem amb detall els nostres Projectes d&#8217;Infantil i Primer Cicle de Prim\u00e0ria<\/strong><\/p><\/div><\/div>\n\n\n\n<div style=\"height:60px\" aria-hidden=\"true\" class=\"wp-block-spacer\"><\/div>\n\n\n\n<div class=\"wp-block-uagb-container uagb-block-d00c79b7 alignfull uagb-is-root-container\"><div class=\"uagb-container-inner-blocks-wrap\">\n<script type=\"text\/javascript\" src=\"\/\/m.viaro.org\/form\/generate.js?id=41\"><\/script>\n<\/div><\/div>\n\n\n\n<div style=\"height:103px\" aria-hidden=\"true\" class=\"wp-block-spacer\"><\/div>\n\n\n\n<div style=\"height:103px\" aria-hidden=\"true\" class=\"wp-block-spacer\"><\/div>\n\n\n\n<div class=\"wp-block-uagb-info-box uagb-block-8a3961b1 uagb-infobox__content-wrap  uagb-infobox-icon-above-title uagb-infobox-image-valign-top\" id=\"jpa\"><div class=\"uagb-ifb-content\"><div class=\"uagb-ifb-title-wrap\"><h2 class=\"uagb-ifb-title\">PORTES OBERTES<\/h2><\/div><div class=\"uagb-ifb-separator\"><\/div><p class=\"uagb-ifb-desc\">Si preferiu assistir a les Jornades de Portes Obertes que organitzem en altres dates<br><strong><a href=\"https:\/\/viaro.org\/admisiones\/puertas-abiertas\/\" target=\"_blank\" rel=\"noreferrer noopener\">podeu apuntar-vos en aquest enlla\u00e7<\/a><\/strong><\/p><\/div><\/div>\n\n\n\n<div style=\"height:76px\" aria-hidden=\"true\" class=\"wp-block-spacer\"><\/div>\n\n\n\n<div class=\"wp-block-columns uag-hide-mob is-layout-flex wp-container-core-columns-is-layout-9d6595d7 wp-block-columns-is-layout-flex\">\n<div class=\"wp-block-column is-layout-flow wp-block-column-is-layout-flow\"><\/div>\n\n\n\n<div class=\"wp-block-column is-layout-flow wp-block-column-is-layout-flow\">\n<figure class=\"wp-block-image size-full\"><img decoding=\"async\" width=\"399\" height=\"399\" src=\"https:\/\/viaro.org\/wp-content\/uploads\/2023\/09\/Festa-infantil-5.jpg\" alt=\"Festa Infantil\" class=\"wp-image-19527\" srcset=\"https:\/\/viaro.org\/wp-content\/uploads\/2023\/09\/Festa-infantil-5.jpg 399w, https:\/\/viaro.org\/wp-content\/uploads\/2023\/09\/Festa-infantil-5-300x300.jpg 300w, https:\/\/viaro.org\/wp-content\/uploads\/2023\/09\/Festa-infantil-5-150x150.jpg 150w\" sizes=\"(max-width: 399px) 100vw, 399px\" \/><\/figure>\n<\/div>\n\n\n\n<div class=\"wp-block-column is-layout-flow wp-block-column-is-layout-flow\">\n<figure class=\"wp-block-image size-full\"><img decoding=\"async\" width=\"400\" height=\"400\" src=\"https:\/\/viaro.org\/wp-content\/uploads\/2023\/09\/Festa-Infantil-1.jpg\" alt=\"\" class=\"wp-image-19521\" srcset=\"https:\/\/viaro.org\/wp-content\/uploads\/2023\/09\/Festa-Infantil-1.jpg 400w, https:\/\/viaro.org\/wp-content\/uploads\/2023\/09\/Festa-Infantil-1-300x300.jpg 300w, https:\/\/viaro.org\/wp-content\/uploads\/2023\/09\/Festa-Infantil-1-150x150.jpg 150w\" sizes=\"(max-width: 400px) 100vw, 400px\" \/><\/figure>\n<\/div>\n\n\n\n<div class=\"wp-block-column is-layout-flow wp-block-column-is-layout-flow\">\n<figure class=\"wp-block-image size-full\"><img decoding=\"async\" width=\"400\" height=\"399\" src=\"https:\/\/viaro.org\/wp-content\/uploads\/2023\/09\/Festa-infantil-4.jpg\" alt=\"\" class=\"wp-image-19524\" srcset=\"https:\/\/viaro.org\/wp-content\/uploads\/2023\/09\/Festa-infantil-4.jpg 400w, https:\/\/viaro.org\/wp-content\/uploads\/2023\/09\/Festa-infantil-4-300x300.jpg 300w, https:\/\/viaro.org\/wp-content\/uploads\/2023\/09\/Festa-infantil-4-150x150.jpg 150w\" sizes=\"(max-width: 400px) 100vw, 400px\" \/><\/figure>\n<\/div>\n\n\n\n<div class=\"wp-block-column is-layout-flow wp-block-column-is-layout-flow\">\n<figure class=\"wp-block-image size-full\"><img decoding=\"async\" width=\"400\" height=\"400\" src=\"https:\/\/viaro.org\/wp-content\/uploads\/2023\/09\/Festa-Infantil-3.jpg\" alt=\"\" class=\"wp-image-19518\" srcset=\"https:\/\/viaro.org\/wp-content\/uploads\/2023\/09\/Festa-Infantil-3.jpg 400w, https:\/\/viaro.org\/wp-content\/uploads\/2023\/09\/Festa-Infantil-3-300x300.jpg 300w, https:\/\/viaro.org\/wp-content\/uploads\/2023\/09\/Festa-Infantil-3-150x150.jpg 150w\" sizes=\"(max-width: 400px) 100vw, 400px\" \/><\/figure>\n<\/div>\n\n\n\n<div class=\"wp-block-column is-layout-flow wp-block-column-is-layout-flow\"><\/div>\n<\/div>\n\n\n\n<div style=\"height:130px\" aria-hidden=\"true\" class=\"wp-block-spacer\"><\/div>\n\n\n\n<div class=\"wp-block-uagb-info-box uagb-block-fc3fc2d3 uagb-infobox__content-wrap  uagb-infobox-icon-above-title uagb-infobox-image-valign-top uag-hide-mob\" id=\"anteriores\"><div class=\"uagb-ifb-content\"><div class=\"uagb-ifb-title-wrap\"><h2 class=\"uagb-ifb-title\">EDICIONS ANTERIORS<\/h2><\/div><div class=\"uagb-ifb-separator\"><\/div><p class=\"uagb-ifb-desc\">En aquests enlla\u00e7os podr\u00e0s veure fotos i v\u00eddeos de les Festes dels \u00faltims anys<\/p><\/div><\/div>\n\n\n\n<div style=\"height:60px\" aria-hidden=\"true\" class=\"wp-block-spacer\"><\/div>\n\n\n\n<div class=\"wp-block-uagb-container uag-hide-mob uagb-block-6aaf9aa9 alignfull uagb-is-root-container\"><div class=\"uagb-container-inner-blocks-wrap\">\n<div class=\"wp-block-uagb-buttons uagb-buttons__outer-wrap uagb-btn__small-btn uagb-btn-tablet__default-btn uagb-btn-mobile__default-btn uagb-block-08508979\"><div class=\"uagb-buttons__wrap uagb-buttons-layout-wrap \">\n<div class=\"wp-block-uagb-buttons-child uagb-buttons__outer-wrap uagb-block-db2f0a03 wp-block-button\"><div class=\"uagb-button__wrapper\"><a class=\"uagb-buttons-repeater wp-block-button__link\" aria-label=\"\" href=\"https:\/\/viaro.org\/ca\/festa-infantil-2023\/\" rel=\"follow noopener\" target=\"_self\" role=\"button\"><div class=\"uagb-button__link\">2023<\/div><\/a><\/div><\/div>\n\n\n\n<div class=\"wp-block-uagb-buttons-child uagb-buttons__outer-wrap uagb-block-7a413038 wp-block-button\"><div class=\"uagb-button__wrapper\"><a class=\"uagb-buttons-repeater wp-block-button__link\" aria-label=\"\" href=\"https:\/\/viaro.org\/fiesta-infantil-2022\/\" rel=\"follow noopener\" target=\"_self\" role=\"button\"><div class=\"uagb-button__link\">2022<\/div><\/a><\/div><\/div>\n\n\n\n<div class=\"wp-block-uagb-buttons-child uagb-buttons__outer-wrap uagb-block-07b6bd18 wp-block-button\"><div class=\"uagb-button__wrapper\"><a class=\"uagb-buttons-repeater wp-block-button__link\" aria-label=\"\" href=\"https:\/\/viaro.org\/fiesta-infantil-2021\/\" rel=\"follow noopener\" target=\"_self\" role=\"button\"><div class=\"uagb-button__link\">2021<\/div><\/a><\/div><\/div>\n\n\n\n<div class=\"wp-block-uagb-buttons-child uagb-buttons__outer-wrap uagb-block-80e58566 wp-block-button\"><div class=\"uagb-button__wrapper\"><a class=\"uagb-buttons-repeater wp-block-button__link\" aria-label=\"\" href=\"#\" rel=\"follow noopener\" target=\"_self\" role=\"button\"><div class=\"uagb-button__link\">2020<\/div><\/a><\/div><\/div>\n\n\n\n<div class=\"wp-block-uagb-buttons-child uagb-buttons__outer-wrap uagb-block-b65450a2 wp-block-button\"><div class=\"uagb-button__wrapper\"><a class=\"uagb-buttons-repeater wp-block-button__link\" aria-label=\"\" href=\"https:\/\/viaro.org\/video-fiesta-infantil-2019\/\" rel=\"follow noopener\" target=\"_self\" role=\"button\"><div class=\"uagb-button__link\">2019<\/div><\/a><\/div><\/div>\n<\/div><\/div>\n<\/div><\/div>\n","protected":false},"excerpt":{"rendered":"","protected":false},"author":12,"featured_media":25314,"parent":0,"menu_order":0,"comment_status":"closed","ping_status":"closed","template":"","meta":{"_uag_custom_page_level_css":"","_joinchat":[],"footnotes":""},"class_list":["post-19542","page","type-page","status-publish","has-post-thumbnail","hentry"],"uagb_featured_image_src":{"full":["https:\/\/viaro.org\/wp-content\/uploads\/2025\/10\/Viaro_FestaInfantil_landing_cabecera.jpg",2375,1734,false],"thumbnail":["https:\/\/viaro.org\/wp-content\/uploads\/2025\/10\/Viaro_FestaInfantil_landing_cabecera-150x150.jpg",150,150,true],"medium":["https:\/\/viaro.org\/wp-content\/uploads\/2025\/10\/Viaro_FestaInfantil_landing_cabecera-300x219.jpg",300,219,true],"medium_large":["https:\/\/viaro.org\/wp-content\/uploads\/2025\/10\/Viaro_FestaInfantil_landing_cabecera-768x561.jpg",640,468,true],"large":["https:\/\/viaro.org\/wp-content\/uploads\/2025\/10\/Viaro_FestaInfantil_landing_cabecera-1024x748.jpg",640,468,true],"1536x1536":["https:\/\/viaro.org\/wp-content\/uploads\/2025\/10\/Viaro_FestaInfantil_landing_cabecera-1536x1121.jpg",1536,1121,true],"2048x2048":["https:\/\/viaro.org\/wp-content\/uploads\/2025\/10\/Viaro_FestaInfantil_landing_cabecera-2048x1495.jpg",2048,1495,true],"related-content":["https:\/\/viaro.org\/wp-content\/uploads\/2025\/10\/Viaro_FestaInfantil_landing_cabecera-297x167.jpg",297,167,true]},"uagb_author_info":{"display_name":"Ignacio Malmierca","author_link":"https:\/\/viaro.org\/ca\/author\/imalmierca\/"},"uagb_comment_info":0,"uagb_excerpt":null,"_links":{"self":[{"href":"https:\/\/viaro.org\/ca\/wp-json\/wp\/v2\/pages\/19542","targetHints":{"allow":["GET"]}}],"collection":[{"href":"https:\/\/viaro.org\/ca\/wp-json\/wp\/v2\/pages"}],"about":[{"href":"https:\/\/viaro.org\/ca\/wp-json\/wp\/v2\/types\/page"}],"author":[{"embeddable":true,"href":"https:\/\/viaro.org\/ca\/wp-json\/wp\/v2\/users\/12"}],"replies":[{"embeddable":true,"href":"https:\/\/viaro.org\/ca\/wp-json\/wp\/v2\/comments?post=19542"}],"version-history":[{"count":13,"href":"https:\/\/viaro.org\/ca\/wp-json\/wp\/v2\/pages\/19542\/revisions"}],"predecessor-version":[{"id":25338,"href":"https:\/\/viaro.org\/ca\/wp-json\/wp\/v2\/pages\/19542\/revisions\/25338"}],"wp:featuredmedia":[{"embeddable":true,"href":"https:\/\/viaro.org\/ca\/wp-json\/wp\/v2\/media\/25314"}],"wp:attachment":[{"href":"https:\/\/viaro.org\/ca\/wp-json\/wp\/v2\/media?parent=19542"}],"curies":[{"name":"wp","href":"https:\/\/api.w.org\/{rel}","templated":true}]}}