{"id":5884,"date":"2020-06-02T14:49:44","date_gmt":"2020-06-02T14:49:44","guid":{"rendered":"http:\/\/viaro.org\/?page_id=5884"},"modified":"2020-06-19T10:58:34","modified_gmt":"2020-06-19T10:58:34","slug":"campus-2020","status":"publish","type":"page","link":"https:\/\/viaro.org\/ca\/campus-2020\/","title":{"rendered":"Campus 2020"},"content":{"rendered":"\n<figure class=\"wp-block-image size-large\"><img decoding=\"async\" width=\"1024\" height=\"319\" src=\"http:\/\/viaro.org\/wp-content\/uploads\/2020\/06\/Campus2020_logo-1024x319.png\" alt=\"\" class=\"wp-image-5911\" srcset=\"https:\/\/viaro.org\/wp-content\/uploads\/2020\/06\/Campus2020_logo-1024x319.png 1024w, https:\/\/viaro.org\/wp-content\/uploads\/2020\/06\/Campus2020_logo-300x93.png 300w, https:\/\/viaro.org\/wp-content\/uploads\/2020\/06\/Campus2020_logo-768x239.png 768w, https:\/\/viaro.org\/wp-content\/uploads\/2020\/06\/Campus2020_logo-1536x479.png 1536w, https:\/\/viaro.org\/wp-content\/uploads\/2020\/06\/Campus2020_logo-2048x638.png 2048w\" sizes=\"(max-width: 1024px) 100vw, 1024px\" \/><\/figure>\n\n\n\n<h2 class=\"wp-block-heading\">El Campus, una gran oportunitat<\/h2>\n\n\n\n<p>S\u2019apropa l\u2019esperat Campus 2020!&nbsp; Des del col\u00b7legi estem preparant <strong>amb molta il\u00b7lusi\u00f3 aquest Campus tan especial.<\/strong><\/p>\n\n\n\n<p>El Campus 2020 el plantegem com <strong>la millor manera d\u2019introduir-se a la nova situaci\u00f3:<\/strong> tornar a l\u2019escola, veure als amics, fer activitats esportives, tallers, etc. per\u00f2 alhora fent-ho compatible amb les importants mesures d\u2019higiene i seguretat per vetllar pel b\u00e9 com\u00fa. <strong>Ser\u00e0 una oportunitat incre\u00efble.<\/strong><\/p>\n\n\n\n<p>Volem que aquest Campus ens faci <strong>valorar com a especials i extraordin\u00e0ries<\/strong> coses que, tres mesos enrere, eren ben ordin\u00e0ries: estar una estona amb els amics, jugar, c\u00f3rrer, fer esport, realitzar manualitats, etc.<\/p>\n\n\n\n<p><strong>Hem passat molts dies a casa<\/strong>. I ens fa molta il\u00b7lusi\u00f3 pensar que en breus podrem compartir unes setmanes amb els amics a Viar\u00f3<\/p>\n\n\n\n<div class=\"wp-block-columns is-layout-flex wp-container-core-columns-is-layout-9d6595d7 wp-block-columns-is-layout-flex\">\n<div class=\"wp-block-column is-layout-flow wp-block-column-is-layout-flow\">\n<h2 class=\"wp-block-heading\">Qu\u00e8 \u00e9s el Campus \u2705<\/h2>\n\n\n\n<p>\u2714\ufe0f Un programa d&#8217;activitats variat i adaptat a cada edat.<\/p>\n\n\n\n<p>\u2714\ufe0f Una ocasi\u00f3 per gaudir de l&#8217;estiu en un ambient segur.<\/p>\n<\/div>\n\n\n\n<div class=\"wp-block-column is-layout-flow wp-block-column-is-layout-flow\">\n<h2 class=\"wp-block-heading\">Qu\u00e8 NO \u00e9s el Campus \u274c<\/h2>\n\n\n\n<p>\u2716\ufe0f Un curs de rep\u00e0s d&#8217;assignatures.<\/p>\n\n\n\n<p>\u2716\ufe0f Un quart trimestre presencial amb classes.<\/p>\n<\/div>\n<\/div>\n\n\n\n<h2 class=\"wp-block-heading\">Qu\u00e8 farem?<\/h2>\n\n\n\n<p>A Infantil P3 i P4, farem el seg\u00fcent:<\/p>\n\n\n\n<ul class=\"wp-block-list\"><li><strong>Gaudirem de la natura.<\/strong><\/li><li><strong>Farem Jocs tradicionals<\/strong>, els de sempre, sense oblidar reciclar i aprendre quantes coses podem fer utilitzant materials reciclats.<\/li><li><strong>Jocs d\u2019aigua<\/strong> amb els m\u00e9s petits.<\/li><li><strong>Piscina<\/strong> pels m\u00e9s grans.<\/li><li><strong>Estimulaci\u00f3 musical<\/strong><\/li><li><strong>Tallers<\/strong> amb manualitats art\u00edstiques i molta imaginaci\u00f3.<\/li><\/ul>\n\n\n\n<p>De P5 a 6\u00e8 Prim\u00e0ria podran fer diariament:<\/p>\n\n\n\n<ul class=\"wp-block-list\"><li><strong>Deures d&#8217;estiu:<\/strong> despr\u00e9s de 3 mesos aprenent des de casa, tindrem estones de feina amb els nostres professors.<\/li><li><strong>Esport:<\/strong> Cada dia, un esport diferent.<\/li><li><strong>Taller: <\/strong>Tindrem una estona di\u00e0ria per fer tallers i manualitats art\u00edstiques.<\/li><li><strong>Piscina:<\/strong> Temps diari de piscina a Viar\u00f3. La millor manera de combatre la calor!<\/li><li><strong>Jocs tradicionals:<\/strong> Cada grup tindr\u00e0 una estona de joc cada dia. Genial per c\u00f3rrer, pensar, divertir-se plegats.<\/li><li><strong>Plans especials:<\/strong> Setmanalment trencarem la rutina amb algun pla especial.<\/li><\/ul>\n\n\n\n<p>A Secund\u00e0ria, realitzarem aquestes activitats:<\/p>\n\n\n\n<ul class=\"wp-block-list\"><li><strong>Competicions i reptes d&#8217;esport.<\/strong><\/li><li><strong>Activitats solid\u00e0ries.<\/strong><\/li><li><strong>Sortides a la natura.<\/strong><\/li><li><strong>Deures d&#8217;estiu.<\/strong><\/li><li><strong>Piscina.<\/strong><\/li><li><strong>Cine F\u00f2rum.<\/strong><\/li><li><strong>Tallers diversos.<\/strong><\/li><\/ul>\n\n\n\n<h4 class=\"wp-block-heading\">Qu\u00e8 no farem?<\/h4>\n\n\n\n<p>Degut a les mesures de seguretat i higiene, aquest any no podrem fer dues activitats molt arrelades del nostre Campus, com s\u00f3n portar la bicicleta i fer acampada un dia a la setmana.<\/p>\n\n\n\n<h2 class=\"wp-block-heading\">Preguntes freq\u00fcents<\/h2>\n\n\n\n<div class=\"schema-faq wp-block-yoast-faq-block\">\r\n<div id=\"faq-question-1591955015607\" class=\"schema-faq-section\">\r\n\r\n<strong class=\"schema-faq-question\">Qu\u00e8 s&#8217;ha de portar?<\/strong>\r\n<p class=\"schema-faq-answer\">-Roba d&#8217;esport de Viar\u00f3, mascareta i cantimplora d&#8217;aigua.\r\n-Material escolar (motxilla, estoig, deures d&#8217;estiu).\r\n-Banyador, xancletes, tovallola i crema solar per la piscina.\r\n-Material per als talleres (us avisarem abans de cada setmana).<\/p>\r\n\r\n<\/div>\r\n<div id=\"faq-question-1591954723269\" class=\"schema-faq-section\">\r\n\r\n<strong class=\"schema-faq-question\">S&#8217;ha de firmar la declaraci\u00f3 responsable?<\/strong>\r\n<p class=\"schema-faq-answer\">S\u00ed, s&#8217;haur\u00e0 de firmar una \u00fanica vegada a trav\u00e9s de Clickedu abans de comen\u00e7ar el Campus. Aquesta declaraci\u00f3 recull el comprom\u00eds de notificar qualsevol canvi en l&#8217;estat de salut del participant.<\/p>\r\n\r\n<\/div>\r\n<div id=\"faq-question-1591963856393\" class=\"schema-faq-section\">\r\n\r\n<strong class=\"schema-faq-question\">Quines mesures de seguretat i higiene s&#8217;aplicaran?<\/strong>\r\n<p class=\"schema-faq-answer\">Totes les mesures de seguretat i higiene per al Campus 2020 les podeu consultar en aquest document: <a href=\"https:\/\/viaro.org\/ca\/mesures-de-seguretat-i-higiene-campus-2020-2\/\" target=\"_blank\" rel=\"noreferrer noopener\"><strong>Veure document.<\/strong><\/a><\/p>\r\n\r\n<\/div>\r\n<div id=\"faq-question-1591954914549\" class=\"schema-faq-section\">\r\n\r\n<strong class=\"schema-faq-question\">Els alumnes es queden tot el dia?<\/strong>\r\n<p class=\"schema-faq-answer\">Hi ha diferents horaris per a cada etapa:\r\n<strong>-Infantil P3 i P4:<\/strong> de 8.15 h a 16.25 h.\r\n<strong>-P5 i Prim\u00e0ria:<\/strong> de 9.10 h a 16.25 h.\r\n<strong>-Secund\u00e0ria:<\/strong> de 9.10 h a 13.00 h (es poden quedar a dinar).<\/p>\r\n\r\n<\/div>\r\n<div id=\"faq-question-1591954827912\" class=\"schema-faq-section\">\r\n\r\n<strong class=\"schema-faq-question\">Si algun dia el meu fill no assistir\u00e0, haig de notificar-lo?<\/strong>\r\n<p class=\"schema-faq-answer\">S\u00ed, \u00e9s important per a nosaltres saber amb quants alumnes comptem cada dia. La setmana pr\u00f2xima us informarem sobre com comunicar una abs\u00e8ncia, un retard o un horari especial de sortida.<\/p>\r\n\r\n<\/div>\r\n<div id=\"faq-question-1591963639712\" class=\"schema-faq-section\">\r\n\r\n<strong class=\"schema-faq-question\">Com seran els dinars?<\/strong>\r\n<p class=\"schema-faq-answer\">Els dinars es realitzaran a l&#8217;aire lliure, amb els men\u00fas dissenyats per l&#8217;equip de cuina propi del col\u00b7legi, com durant el curs. Farem servir utensilis d&#8217;un sol \u00fas i establirem diferents torns ocupant diferents espais.<\/p>\r\n\r\n<\/div>\r\n<\/div>\n\n\n\n<h2 class=\"wp-block-heading\">Coordinadors del Campus 2020<\/h2>\n\n\n\n<p><strong>Guillem Lisbona |<\/strong> Responsable Seguretat i Higiene | <a href=\"mailto:glisbona@viaro.org\">glisbona@viaro.org<\/a><\/p>\n\n\n\n<p><strong>Roc\u00edo Conesa |<\/strong> Coordinadora Infantil | <a href=\"mailto:rconesa@viaro.org\">rconesa@viaro.org<\/a><\/p>\n\n\n\n<p><strong>Oriol Guerrero |<\/strong> Coordinador Prim\u00e0ria | <a href=\"mailto:oguerrero@viaro.org\">oguerrero@viaro.org<\/a><\/p>\n\n\n\n<p><strong>Norbert Duaso |<\/strong> Coordinador ESO i Batxillerat | <a href=\"mailto:nduaso@viaro.org\">nduaso@viaro.org<\/a><\/p>\n\n\n\n<h2 class=\"wp-block-heading\">Calendari<\/h2>\n\n\n\n<p>El Campus 2020 est\u00e0 dividit en <strong>6 setmanes, del 22 de juny al 31 de juliol<\/strong>.<\/p>\n\n\n\n<figure class=\"wp-block-image size-large\"><img decoding=\"async\" width=\"1024\" height=\"699\" src=\"http:\/\/viaro.org\/wp-content\/uploads\/2020\/05\/Calendario_Campus20-21-1024x699.jpg\" alt=\"\" class=\"wp-image-5888\" srcset=\"https:\/\/viaro.org\/wp-content\/uploads\/2020\/05\/Calendario_Campus20-21-1024x699.jpg 1024w, https:\/\/viaro.org\/wp-content\/uploads\/2020\/05\/Calendario_Campus20-21-300x205.jpg 300w, https:\/\/viaro.org\/wp-content\/uploads\/2020\/05\/Calendario_Campus20-21-768x524.jpg 768w, https:\/\/viaro.org\/wp-content\/uploads\/2020\/05\/Calendario_Campus20-21-474x324.jpg 474w, https:\/\/viaro.org\/wp-content\/uploads\/2020\/05\/Calendario_Campus20-21-1536x1049.jpg 1536w, https:\/\/viaro.org\/wp-content\/uploads\/2020\/05\/Calendario_Campus20-21.jpg 1585w\" sizes=\"(max-width: 1024px) 100vw, 1024px\" \/><\/figure>\n\n\n\n<h2 class=\"wp-block-heading\">Requisits per participar<\/h2>\n\n\n\n<p> Tant per a inscriure&#8217;s com per a poder participar en el Campus, s&#8217;han de complir els seg\u00fcents requisits:<\/p>\n\n\n\n<ul class=\"wp-block-list\"><li><strong>Abs\u00e8ncia de simptomatologia compatible amb la COVID-19 <\/strong>(febre, tos, dificultat respirat\u00f2ria, malestar, diarrea&#8230;) o amb qualsevol altre quadre infecci\u00f3s.<\/li><li>Que no siguin o hagin estat positives per al SARS-CoV 2 durant els 14 dies anteriors. <\/li><li>Que no hagin estat en contacte estret amb positiu confirmat o simptomatologia compatible en els 14 dies anteriors. <\/li><li><strong>Calendari vacunal <\/strong>al dia.<\/li><\/ul>\n\n\n\n<h2 class=\"wp-block-heading\">Mesures de seguretat i higiene<\/h2>\n\n\n\n<p>Per a garantir la seguretat de tots, us informem sobre les mesures sanit\u00e0ries que durem a terme en aquest document:<\/p>\n\n\n\n<div class=\"wp-block-buttons aligncenter is-layout-flex wp-block-buttons-is-layout-flex\">\n<div class=\"wp-block-button\"><a class=\"wp-block-button__link has-background no-border-radius\" href=\"http:\/\/viaro.org\/mesures-de-seguretat-i-higiene-campus-2020\/\" style=\"background-color:#b2153f\" target=\"_blank\" rel=\"noreferrer noopener\">Mesures de Seguretat i Higiene<\/a><\/div>\n<\/div>\n\n\n\n<p>Si vindreu utilitzant el transport p\u00fablic, us animem a seguir les <a href=\"https:\/\/www.fgc.cat\/mesures-excepcionals\/mesures-prevencio-pel-coronavirus-sars-cov-2\/\" target=\"_blank\" rel=\"noopener\">recomanacions i mesures de prevenci\u00f3 de Ferrocarrils FGC.<\/a><\/p>\n\n\n\n<figure class=\"wp-block-image size-large\"><a href=\"https:\/\/www.fgc.cat\/mesures-excepcionals\/mesures-prevencio-pel-coronavirus-sars-cov-2\/\" target=\"_blank\" rel=\"noopener\"><img decoding=\"async\" width=\"1024\" height=\"343\" src=\"http:\/\/viaro.org\/wp-content\/uploads\/2020\/05\/Mesures_Prevencio-1024x343.jpg\" alt=\"\" class=\"wp-image-5811\" srcset=\"https:\/\/viaro.org\/wp-content\/uploads\/2020\/05\/Mesures_Prevencio-1024x343.jpg 1024w, https:\/\/viaro.org\/wp-content\/uploads\/2020\/05\/Mesures_Prevencio-300x100.jpg 300w, https:\/\/viaro.org\/wp-content\/uploads\/2020\/05\/Mesures_Prevencio-768x257.jpg 768w, https:\/\/viaro.org\/wp-content\/uploads\/2020\/05\/Mesures_Prevencio.jpg 1115w\" sizes=\"(max-width: 1024px) 100vw, 1024px\" \/><\/a><\/figure>\n\n\n\n<div style=\"height:100px\" aria-hidden=\"true\" class=\"wp-block-spacer\"><\/div>\n","protected":false},"excerpt":{"rendered":"<p>El Campus, una gran oportunitat S\u2019apropa l\u2019esperat Campus 2020!&nbsp; Des del col\u00b7legi estem preparant amb molta il\u00b7lusi\u00f3 aquest Campus tan especial. El Campus 2020 el plantegem com la millor manera d\u2019introduir-se a la nova situaci\u00f3: tornar a l\u2019escola, veure als amics, fer activitats esportives, tallers, etc. per\u00f2 alhora fent-ho compatible amb les importants mesures d\u2019higiene [&hellip;]<\/p>\n","protected":false},"author":11,"featured_media":1126,"parent":0,"menu_order":0,"comment_status":"closed","ping_status":"closed","template":"template-ibsc.php","meta":{"_uag_custom_page_level_css":"","_joinchat":[],"footnotes":""},"class_list":["post-5884","page","type-page","status-publish","has-post-thumbnail","hentry"],"uagb_featured_image_src":{"full":["https:\/\/viaro.org\/wp-content\/uploads\/2018\/11\/header-contacto.jpg",2880,752,false],"thumbnail":["https:\/\/viaro.org\/wp-content\/uploads\/2018\/11\/header-contacto-150x150.jpg",150,150,true],"medium":["https:\/\/viaro.org\/wp-content\/uploads\/2018\/11\/header-contacto-300x78.jpg",300,78,true],"medium_large":["https:\/\/viaro.org\/wp-content\/uploads\/2018\/11\/header-contacto-768x201.jpg",640,168,true],"large":["https:\/\/viaro.org\/wp-content\/uploads\/2018\/11\/header-contacto-1024x267.jpg",640,167,true],"1536x1536":["https:\/\/viaro.org\/wp-content\/uploads\/2018\/11\/header-contacto.jpg",1536,401,false],"2048x2048":["https:\/\/viaro.org\/wp-content\/uploads\/2018\/11\/header-contacto.jpg",2048,535,false],"related-content":["https:\/\/viaro.org\/wp-content\/uploads\/2018\/11\/header-contacto-297x167.jpg",297,167,true]},"uagb_author_info":{"display_name":"Comunicaci\u00f3 Viar\u00f3","author_link":"https:\/\/viaro.org\/ca\/author\/viarocom\/"},"uagb_comment_info":0,"uagb_excerpt":"El Campus, una gran oportunitat S\u2019apropa l\u2019esperat Campus 2020!&nbsp; Des del col\u00b7legi estem preparant amb molta il\u00b7lusi\u00f3 aquest Campus tan especial. El Campus 2020 el plantegem com la millor manera d\u2019introduir-se a la nova situaci\u00f3: tornar a l\u2019escola, veure als amics, fer activitats esportives, tallers, etc. per\u00f2 alhora fent-ho compatible amb les importants mesures d\u2019higiene&hellip;","_links":{"self":[{"href":"https:\/\/viaro.org\/ca\/wp-json\/wp\/v2\/pages\/5884","targetHints":{"allow":["GET"]}}],"collection":[{"href":"https:\/\/viaro.org\/ca\/wp-json\/wp\/v2\/pages"}],"about":[{"href":"https:\/\/viaro.org\/ca\/wp-json\/wp\/v2\/types\/page"}],"author":[{"embeddable":true,"href":"https:\/\/viaro.org\/ca\/wp-json\/wp\/v2\/users\/11"}],"replies":[{"embeddable":true,"href":"https:\/\/viaro.org\/ca\/wp-json\/wp\/v2\/comments?post=5884"}],"version-history":[{"count":36,"href":"https:\/\/viaro.org\/ca\/wp-json\/wp\/v2\/pages\/5884\/revisions"}],"predecessor-version":[{"id":6178,"href":"https:\/\/viaro.org\/ca\/wp-json\/wp\/v2\/pages\/5884\/revisions\/6178"}],"wp:featuredmedia":[{"embeddable":true,"href":"https:\/\/viaro.org\/ca\/wp-json\/wp\/v2\/media\/1126"}],"wp:attachment":[{"href":"https:\/\/viaro.org\/ca\/wp-json\/wp\/v2\/media?parent=5884"}],"curies":[{"name":"wp","href":"https:\/\/api.w.org\/{rel}","templated":true}]}}