{"id":7949,"date":"2021-02-01T14:31:07","date_gmt":"2021-02-01T14:31:07","guid":{"rendered":"http:\/\/viaro.org\/preus-tarifes-i-beques\/"},"modified":"2023-11-15T11:54:33","modified_gmt":"2023-11-15T11:54:33","slug":"preus-tarifes-i-beques","status":"publish","type":"page","link":"https:\/\/viaro.org\/ca\/preus-tarifes-i-beques\/","title":{"rendered":"Preus, tarifes i beques"},"content":{"rendered":"<div class=\"wp-block-image is-resized\">\n<figure class=\"aligncenter size-medium\"><img decoding=\"async\" width=\"257\" height=\"300\" src=\"https:\/\/viaro.org\/wp-content\/uploads\/2023\/09\/Viaro-precios-257x300.png\" alt=\"preus viaro\" class=\"wp-image-19336\" srcset=\"https:\/\/viaro.org\/wp-content\/uploads\/2023\/09\/Viaro-precios-257x300.png 257w, https:\/\/viaro.org\/wp-content\/uploads\/2023\/09\/Viaro-precios.png 391w\" sizes=\"(max-width: 257px) 100vw, 257px\" \/><\/figure><\/div>\n<div style=\"height:20px\" aria-hidden=\"true\" class=\"wp-block-spacer\"><\/div>\n\n<h3 class=\"wp-block-heading\">Col\u00b7legi concertat<\/h3>\n\n<p>Viar\u00f3 Global School \u00e9s un <strong>Col\u00b7legi concertat parcialment <\/strong>per la Generalitat de Catalunya.<\/p>\n\n<p>Els imports dels preus i tarifes inclouen totes les despeses i serveis del curs: menjador, activitats acad\u00e8miques, sortides culturals, llic\u00e8ncies digitals, festes i actes del col\u00b7legi, asseguran\u00e7a escolar i servei m\u00e8dic.&#13;\n<\/p>\n\n<div style=\"height:20px\" aria-hidden=\"true\" class=\"wp-block-spacer\"><\/div>\n\n<h3 class=\"wp-block-heading\">Beques i descomptes<\/h3>\n\n<p>El col\u00b7legi ofereix descomptes per fam\u00edlia nombrosa juntament amb altres ajudes econ\u00f2miques a l&#8217;escolaritat. Les fam\u00edlies que ho requereixin poden tamb\u00e9 sol\u00b7licitar beques d&#8217;estudis a la Fundaci\u00f3 Vell Ametller.&#13;\n<\/p>\n\n<p><div class=\"traductor-textarea form-group\">&#13;\n<div class=\"textarea-desti col-xs-12 col-sm-6\">&#13;\n<div class=\"form-control second-textarea\">Per iniciativa dels Alumni de la primera promoci\u00f3 del col\u00b7legi (Ad\u00e1n), s&#8217;ofereix tamb\u00e9 la <strong><a href=\"https:\/\/fundaciovellametller.com\/beca-adan-excelencia\/\" target=\"_blank\" rel=\"noopener\">Beca Ad\u00e1n a l&#8217;Excel\u00b7l\u00e8ncia<\/a><\/strong>, dirigida a alumnes que cursen Batxillerat.<\/div>&#13;\n<\/div>&#13;\n<\/div>&#13;\n<div class=\"traductor-checkbox form-group\">&#13;\n<div class=\"row\">&#13;\n<div class=\"col-sm-offset-2 col-sm-5\"><\/div>&#13;\n<\/div>&#13;\n<\/div><\/p>\n\n<figure class=\"wp-block-image size-full is-resized\"><img decoding=\"async\" width=\"507\" height=\"8\" src=\"https:\/\/viaro.org\/wp-content\/uploads\/2022\/01\/precios.png\" alt=\"precios\" class=\"wp-image-10307\" srcset=\"https:\/\/viaro.org\/wp-content\/uploads\/2022\/01\/precios.png 507w, https:\/\/viaro.org\/wp-content\/uploads\/2022\/01\/precios-300x5.png 300w\" sizes=\"(max-width: 507px) 100vw, 507px\" \/><\/figure>\n\n<h3 class=\"wp-block-heading\">Preus de les activitats d&#8217;estiu i estraescolars<\/h3>\n\n<p>Els alumnes que s&#8217;inscriguin en les activitats extraescolars i els campus d&#8217;estiu hauran d&#8217;abonar-los a part. Tamb\u00e9 s&#8217;ofereixen activitats per a adults: pares i mares del col\u00b7legi, alumni, amics, etc. En els seg\u00fcents enlla\u00e7os trobareu tota la informaci\u00f3 de preus i inscripcions.&#13;\n<\/p>\n\n<div style=\"height:20px\" aria-hidden=\"true\" class=\"wp-block-spacer\"><\/div>\n\n<div class=\"wp-block-columns is-layout-flex wp-container-core-columns-is-layout-9d6595d7 wp-block-columns-is-layout-flex\">\n<div class=\"wp-block-column is-layout-flow wp-block-column-is-layout-flow\">\n<div class=\"wp-block-buttons is-content-justification-center is-layout-flex wp-container-core-buttons-is-layout-8057eaf3 wp-block-buttons-is-layout-flex\">\n<div class=\"wp-block-button has-custom-width wp-block-button__width-100 has-custom-font-size is-style-fill has-small-font-size\"><a class=\"wp-block-button__link has-white-color has-text-color has-background wp-element-button\" href=\"https:\/\/viaro.org\/actividades-extraescolares-en-viaro\/\" style=\"background-color:#b2153f\" target=\"_blank\" rel=\"noreferrer noopener\"><strong>Activitats Extraescolars<\/strong><\/a><\/div>\n<\/div>\n<\/div>\n\n\n\n<div class=\"wp-block-column is-layout-flow wp-block-column-is-layout-flow\"><\/div>\n\n\n\n<div class=\"wp-block-column is-layout-flow wp-block-column-is-layout-flow\">\n<div class=\"wp-block-buttons is-content-justification-center is-layout-flex wp-container-core-buttons-is-layout-8057eaf3 wp-block-buttons-is-layout-flex\">\n<div class=\"wp-block-button has-custom-width wp-block-button__width-100 has-custom-font-size is-style-fill has-small-font-size\"><a class=\"wp-block-button__link has-white-color has-text-color has-background wp-element-button\" href=\"https:\/\/viaro.org\/actividades-de-verano\/\" style=\"background-color:#b2153f\" target=\"_blank\" rel=\"noreferrer noopener\"><strong>Activitats d&#8217;Estiu<\/strong><\/a><\/div>\n<\/div>\n<\/div>\n<\/div>\n\n<div style=\"height:20px\" aria-hidden=\"true\" class=\"wp-block-spacer\"><\/div>\n\n<h3 class=\"wp-block-heading\">Altres servicios<\/h3>\n\n<h4 class=\"wp-block-heading\">Servei gratu\u00eft de perman\u00e8ncia a Viar\u00f3 Infantil:<\/h4>\n\n<p>de\u00a0<strong>8:45 <\/strong>a<strong> 17:00<\/strong><\/p>\n\n<h4 class=\"wp-block-heading\">Servei ampliat de perman\u00e8ncia Viar\u00f3 Infantil<\/h4>\n\n<p>de\u00a0<strong>8:00<\/strong>\u00a0a\u00a0<strong>8:45 <\/strong>\u2013 30\u20ac\/mes<\/p>\n\n<p>de\u00a0<strong>17:00<\/strong>\u00a0a\u00a01<strong>8:00 <\/strong>\u2013 30\u20ac\/mes<\/p>\n\n<h4 class=\"wp-block-heading\">Resta de cursos: <\/h4>\n\n<p>Aula d&#8217;estudi gratu\u00efta de <strong>8:15 a 9:15<\/strong> i de\u00a0<strong>16:25 a 18:00<\/strong><\/p>\n\n<p>El recinte escolar est\u00e0 obert: de <strong>7:45 a 18:30<\/strong><\/p>\n\n<div style=\"height:20px\" aria-hidden=\"true\" class=\"wp-block-spacer\"><\/div>\n\n<h3 class=\"wp-block-heading\">Transport escolar<\/h3>\n\n<p>Els alumnes que utilitzin el servei de transport escolar (Autob\u00fas) hauran de sol\u00b7licitar la inscripci\u00f3 per separat i abonar el cost de la ruta seleccionada. M\u00e9s informaci\u00f3:<\/p>\n\n<div style=\"height:20px\" aria-hidden=\"true\" class=\"wp-block-spacer\"><\/div>\n\n<div class=\"wp-block-columns is-layout-flex wp-container-core-columns-is-layout-9d6595d7 wp-block-columns-is-layout-flex\">\n<div class=\"wp-block-column is-layout-flow wp-block-column-is-layout-flow\">\n<div class=\"wp-block-buttons is-content-justification-center is-layout-flex wp-container-core-buttons-is-layout-8057eaf3 wp-block-buttons-is-layout-flex\">\n<div class=\"wp-block-button has-custom-width wp-block-button__width-100 has-custom-font-size is-style-fill has-small-font-size\"><a class=\"wp-block-button__link has-white-color has-text-color has-background wp-element-button\" href=\"https:\/\/viaro.org\/informacion-general\/#TRANSPORTE\" style=\"background-color:#b2153f\" target=\"_blank\" rel=\"noreferrer noopener\"><strong>Transport Escolar<\/strong><\/a><\/div>\n<\/div>\n<\/div>\n\n\n\n<div class=\"wp-block-column is-layout-flow wp-block-column-is-layout-flow\"><\/div>\n\n\n\n<div class=\"wp-block-column is-layout-flow wp-block-column-is-layout-flow\"><\/div>\n<\/div>\n\n<div style=\"height:20px\" aria-hidden=\"true\" class=\"wp-block-spacer\"><\/div>\n\n<h3 class=\"wp-block-heading\">Contacte<\/h3>\n\n<p>Si desitgeu m\u00e9s informaci\u00f3, podeu demanar una entrevista personalitzada a trav\u00e9s del seg\u00fcent formulari.<\/p>\n\n<script type=\"text\/javascript\" src=\"\/\/m.viaro.org\/form\/generate.js?id=31\"><\/script>\r\n","protected":false},"excerpt":{"rendered":"<p>Col\u00b7legi concertat Viar\u00f3 Global School \u00e9s un Col\u00b7legi concertat parcialment per la Generalitat de Catalunya. Els imports dels preus i tarifes inclouen totes les despeses i serveis del curs: menjador, activitats acad\u00e8miques, sortides culturals, llic\u00e8ncies digitals, festes i actes del col\u00b7legi, asseguran\u00e7a escolar i servei m\u00e8dic.&#13; Beques i descomptes El col\u00b7legi ofereix descomptes per fam\u00edlia [&hellip;]<\/p>\n","protected":false},"author":11,"featured_media":1126,"parent":0,"menu_order":0,"comment_status":"closed","ping_status":"closed","template":"template-ibsc.php","meta":{"_uag_custom_page_level_css":"","_joinchat":[],"footnotes":""},"class_list":["post-7949","page","type-page","status-publish","has-post-thumbnail","hentry"],"uagb_featured_image_src":{"full":["https:\/\/viaro.org\/wp-content\/uploads\/2018\/11\/header-contacto.jpg",2880,752,false],"thumbnail":["https:\/\/viaro.org\/wp-content\/uploads\/2018\/11\/header-contacto-150x150.jpg",150,150,true],"medium":["https:\/\/viaro.org\/wp-content\/uploads\/2018\/11\/header-contacto-300x78.jpg",300,78,true],"medium_large":["https:\/\/viaro.org\/wp-content\/uploads\/2018\/11\/header-contacto-768x201.jpg",640,168,true],"large":["https:\/\/viaro.org\/wp-content\/uploads\/2018\/11\/header-contacto-1024x267.jpg",640,167,true],"1536x1536":["https:\/\/viaro.org\/wp-content\/uploads\/2018\/11\/header-contacto.jpg",1536,401,false],"2048x2048":["https:\/\/viaro.org\/wp-content\/uploads\/2018\/11\/header-contacto.jpg",2048,535,false],"related-content":["https:\/\/viaro.org\/wp-content\/uploads\/2018\/11\/header-contacto-297x167.jpg",297,167,true]},"uagb_author_info":{"display_name":"Comunicaci\u00f3 Viar\u00f3","author_link":"https:\/\/viaro.org\/ca\/author\/viarocom\/"},"uagb_comment_info":0,"uagb_excerpt":"Col\u00b7legi concertat Viar\u00f3 Global School \u00e9s un Col\u00b7legi concertat parcialment per la Generalitat de Catalunya. Els imports dels preus i tarifes inclouen totes les despeses i serveis del curs: menjador, activitats acad\u00e8miques, sortides culturals, llic\u00e8ncies digitals, festes i actes del col\u00b7legi, asseguran\u00e7a escolar i servei m\u00e8dic.&#13; Beques i descomptes El col\u00b7legi ofereix descomptes per fam\u00edlia&hellip;","_links":{"self":[{"href":"https:\/\/viaro.org\/ca\/wp-json\/wp\/v2\/pages\/7949","targetHints":{"allow":["GET"]}}],"collection":[{"href":"https:\/\/viaro.org\/ca\/wp-json\/wp\/v2\/pages"}],"about":[{"href":"https:\/\/viaro.org\/ca\/wp-json\/wp\/v2\/types\/page"}],"author":[{"embeddable":true,"href":"https:\/\/viaro.org\/ca\/wp-json\/wp\/v2\/users\/11"}],"replies":[{"embeddable":true,"href":"https:\/\/viaro.org\/ca\/wp-json\/wp\/v2\/comments?post=7949"}],"version-history":[{"count":10,"href":"https:\/\/viaro.org\/ca\/wp-json\/wp\/v2\/pages\/7949\/revisions"}],"predecessor-version":[{"id":19728,"href":"https:\/\/viaro.org\/ca\/wp-json\/wp\/v2\/pages\/7949\/revisions\/19728"}],"wp:featuredmedia":[{"embeddable":true,"href":"https:\/\/viaro.org\/ca\/wp-json\/wp\/v2\/media\/1126"}],"wp:attachment":[{"href":"https:\/\/viaro.org\/ca\/wp-json\/wp\/v2\/media?parent=7949"}],"curies":[{"name":"wp","href":"https:\/\/api.w.org\/{rel}","templated":true}]}}